{"id":2185,"date":"2026-04-21T12:54:43","date_gmt":"2026-04-21T10:54:43","guid":{"rendered":"https:\/\/equalityinfilm.org\/online-summit-2026\/"},"modified":"2026-05-29T11:33:48","modified_gmt":"2026-05-29T09:33:48","slug":"online-summit-2026","status":"publish","type":"page","link":"https:\/\/equalityinfilm.org\/en\/online-summit-2026\/","title":{"rendered":"Online Summit 2026"},"content":{"rendered":"\t\t<div data-elementor-type=\"wp-page\" data-elementor-id=\"2185\" class=\"elementor elementor-2185 elementor-2177\" data-elementor-post-type=\"page\">\n\t\t\t\t<div class=\"elementor-element elementor-element-b7c19e1 e-flex e-con-boxed e-con e-parent\" data-id=\"b7c19e1\" data-element_type=\"container\" data-e-type=\"container\" data-settings=\"{&quot;background_background&quot;:&quot;classic&quot;}\">\n\t\t\t\t\t<div class=\"e-con-inner\">\n\t\t\t\t<div class=\"elementor-element elementor-element-3436f8b elementor-widget elementor-widget-heading\" data-id=\"3436f8b\" data-element_type=\"widget\" data-e-type=\"widget\" data-widget_type=\"heading.default\">\n\t\t\t\t\t<h1 class=\"elementor-heading-title elementor-size-default\">We Are The \n<br \/>Plot Twist<\/br><\/h1>\t\t\t\t<\/div>\n\t\t\t\t<div class=\"elementor-element elementor-element-3a3351a elementor-widget elementor-widget-heading\" data-id=\"3a3351a\" data-element_type=\"widget\" data-e-type=\"widget\" data-widget_type=\"heading.default\">\n\t\t\t\t\t<h2 class=\"elementor-heading-title elementor-size-default\">ONLINE SUMMIT<\/h2>\t\t\t\t<\/div>\n\t\t\t\t<div class=\"elementor-element elementor-element-af9e2f2 elementor-widget elementor-widget-heading\" data-id=\"af9e2f2\" data-element_type=\"widget\" data-e-type=\"widget\" data-widget_type=\"heading.default\">\n\t\t\t\t\t<h3 class=\"elementor-heading-title elementor-size-default\">\/\/\/ 6-7 MAY \/\/\/<\/h3>\t\t\t\t<\/div>\n\t\t\t\t<div class=\"elementor-element elementor-element-a30cfca elementor-absolute elementor-widget elementor-widget-spacer\" data-id=\"a30cfca\" data-element_type=\"widget\" data-e-type=\"widget\" data-settings=\"{&quot;_position&quot;:&quot;absolute&quot;}\" data-widget_type=\"spacer.default\">\n\t\t\t\t\t\t\t<div class=\"elementor-spacer\">\n\t\t\t<div class=\"elementor-spacer-inner\"><\/div>\n\t\t<\/div>\n\t\t\t\t\t\t<\/div>\n\t\t\t\t<div class=\"elementor-element elementor-element-ffa225f elementor-absolute elementor-hidden-tablet elementor-hidden-mobile elementor-widget elementor-widget-spacer\" data-id=\"ffa225f\" data-element_type=\"widget\" data-e-type=\"widget\" data-settings=\"{&quot;_position&quot;:&quot;absolute&quot;,&quot;motion_fx_motion_fx_mouse&quot;:&quot;yes&quot;,&quot;motion_fx_mouseTrack_effect&quot;:&quot;yes&quot;,&quot;motion_fx_mouseTrack_speed&quot;:{&quot;unit&quot;:&quot;px&quot;,&quot;size&quot;:2,&quot;sizes&quot;:[]}}\" data-widget_type=\"spacer.default\">\n\t\t\t\t\t\t\t<div class=\"elementor-spacer\">\n\t\t\t<div class=\"elementor-spacer-inner\"><\/div>\n\t\t<\/div>\n\t\t\t\t\t\t<\/div>\n\t\t\t\t<div class=\"elementor-element elementor-element-df54b30 elementor-absolute e-transform elementor-widget elementor-widget-image\" data-id=\"df54b30\" data-element_type=\"widget\" data-e-type=\"widget\" data-settings=\"{&quot;_position&quot;:&quot;absolute&quot;,&quot;motion_fx_motion_fx_mouse&quot;:&quot;yes&quot;,&quot;motion_fx_mouseTrack_effect&quot;:&quot;yes&quot;,&quot;motion_fx_mouseTrack_direction&quot;:&quot;negative&quot;,&quot;motion_fx_mouseTrack_speed&quot;:{&quot;unit&quot;:&quot;px&quot;,&quot;size&quot;:1.5,&quot;sizes&quot;:[]},&quot;_transform_rotateZ_effect&quot;:{&quot;unit&quot;:&quot;px&quot;,&quot;size&quot;:-10,&quot;sizes&quot;:[]},&quot;_transform_rotateZ_effect_tablet&quot;:{&quot;unit&quot;:&quot;deg&quot;,&quot;size&quot;:162,&quot;sizes&quot;:[]},&quot;_transform_rotateZ_effect_mobile&quot;:{&quot;unit&quot;:&quot;deg&quot;,&quot;size&quot;:&quot;&quot;,&quot;sizes&quot;:[]}}\" data-widget_type=\"image.default\">\n\t\t\t\t\t\t\t\t\t\t\t\t\t\t\t<img fetchpriority=\"high\" decoding=\"async\" width=\"797\" height=\"797\" src=\"https:\/\/equalityinfilm.org\/wp-content\/uploads\/2025\/11\/lime-ball-2@300x-8.png\" class=\"attachment-large size-large wp-image-1174\" alt=\"\" srcset=\"https:\/\/equalityinfilm.org\/wp-content\/uploads\/2025\/11\/lime-ball-2@300x-8.png 797w, https:\/\/equalityinfilm.org\/wp-content\/uploads\/2025\/11\/lime-ball-2@300x-8-300x300.png 300w, https:\/\/equalityinfilm.org\/wp-content\/uploads\/2025\/11\/lime-ball-2@300x-8-150x150.png 150w, https:\/\/equalityinfilm.org\/wp-content\/uploads\/2025\/11\/lime-ball-2@300x-8-768x768.png 768w\" sizes=\"(max-width: 797px) 100vw, 797px\" \/>\t\t\t\t\t\t\t\t\t\t\t\t\t\t\t<\/div>\n\t\t\t\t<div class=\"elementor-element elementor-element-6b6b30f elementor-absolute e-transform elementor-widget elementor-widget-image\" data-id=\"6b6b30f\" data-element_type=\"widget\" data-e-type=\"widget\" data-settings=\"{&quot;_position&quot;:&quot;absolute&quot;,&quot;motion_fx_motion_fx_mouse&quot;:&quot;yes&quot;,&quot;motion_fx_mouseTrack_effect&quot;:&quot;yes&quot;,&quot;motion_fx_mouseTrack_direction&quot;:&quot;negative&quot;,&quot;motion_fx_mouseTrack_speed&quot;:{&quot;unit&quot;:&quot;px&quot;,&quot;size&quot;:1.5,&quot;sizes&quot;:[]},&quot;_transform_rotateZ_effect&quot;:{&quot;unit&quot;:&quot;px&quot;,&quot;size&quot;:40,&quot;sizes&quot;:[]},&quot;_transform_rotateZ_effect_tablet&quot;:{&quot;unit&quot;:&quot;deg&quot;,&quot;size&quot;:&quot;&quot;,&quot;sizes&quot;:[]},&quot;_transform_rotateZ_effect_mobile&quot;:{&quot;unit&quot;:&quot;deg&quot;,&quot;size&quot;:&quot;&quot;,&quot;sizes&quot;:[]}}\" data-widget_type=\"image.default\">\n\t\t\t\t\t\t\t\t\t\t\t\t\t\t\t<img fetchpriority=\"high\" decoding=\"async\" width=\"797\" height=\"797\" src=\"https:\/\/equalityinfilm.org\/wp-content\/uploads\/2025\/11\/lime-ball-2@300x-8.png\" class=\"attachment-large size-large wp-image-1174\" alt=\"\" srcset=\"https:\/\/equalityinfilm.org\/wp-content\/uploads\/2025\/11\/lime-ball-2@300x-8.png 797w, https:\/\/equalityinfilm.org\/wp-content\/uploads\/2025\/11\/lime-ball-2@300x-8-300x300.png 300w, https:\/\/equalityinfilm.org\/wp-content\/uploads\/2025\/11\/lime-ball-2@300x-8-150x150.png 150w, https:\/\/equalityinfilm.org\/wp-content\/uploads\/2025\/11\/lime-ball-2@300x-8-768x768.png 768w\" sizes=\"(max-width: 797px) 100vw, 797px\" \/>\t\t\t\t\t\t\t\t\t\t\t\t\t\t\t<\/div>\n\t\t\t\t<div class=\"elementor-element elementor-element-325b3e7 elementor-absolute e-transform elementor-hidden-tablet elementor-widget elementor-widget-image\" data-id=\"325b3e7\" data-element_type=\"widget\" data-e-type=\"widget\" data-settings=\"{&quot;_position&quot;:&quot;absolute&quot;,&quot;motion_fx_motion_fx_mouse&quot;:&quot;yes&quot;,&quot;motion_fx_mouseTrack_effect&quot;:&quot;yes&quot;,&quot;motion_fx_mouseTrack_direction&quot;:&quot;negative&quot;,&quot;motion_fx_mouseTrack_speed&quot;:{&quot;unit&quot;:&quot;px&quot;,&quot;size&quot;:0.7,&quot;sizes&quot;:[]},&quot;_transform_rotateZ_effect&quot;:{&quot;unit&quot;:&quot;px&quot;,&quot;size&quot;:205,&quot;sizes&quot;:[]},&quot;_transform_rotateZ_effect_mobile&quot;:{&quot;unit&quot;:&quot;deg&quot;,&quot;size&quot;:108,&quot;sizes&quot;:[]},&quot;_transform_rotateZ_effect_tablet&quot;:{&quot;unit&quot;:&quot;deg&quot;,&quot;size&quot;:&quot;&quot;,&quot;sizes&quot;:[]}}\" data-widget_type=\"image.default\">\n\t\t\t\t\t\t\t\t\t\t\t\t\t\t\t<img fetchpriority=\"high\" decoding=\"async\" width=\"797\" height=\"797\" src=\"https:\/\/equalityinfilm.org\/wp-content\/uploads\/2025\/11\/lime-ball-2@300x-8.png\" class=\"attachment-large size-large wp-image-1174\" alt=\"\" srcset=\"https:\/\/equalityinfilm.org\/wp-content\/uploads\/2025\/11\/lime-ball-2@300x-8.png 797w, https:\/\/equalityinfilm.org\/wp-content\/uploads\/2025\/11\/lime-ball-2@300x-8-300x300.png 300w, https:\/\/equalityinfilm.org\/wp-content\/uploads\/2025\/11\/lime-ball-2@300x-8-150x150.png 150w, https:\/\/equalityinfilm.org\/wp-content\/uploads\/2025\/11\/lime-ball-2@300x-8-768x768.png 768w\" sizes=\"(max-width: 797px) 100vw, 797px\" \/>\t\t\t\t\t\t\t\t\t\t\t\t\t\t\t<\/div>\n\t\t\t\t<div class=\"elementor-element elementor-element-3ef9aca elementor-absolute e-transform elementor-widget elementor-widget-image\" data-id=\"3ef9aca\" data-element_type=\"widget\" data-e-type=\"widget\" data-settings=\"{&quot;_position&quot;:&quot;absolute&quot;,&quot;motion_fx_motion_fx_mouse&quot;:&quot;yes&quot;,&quot;motion_fx_mouseTrack_effect&quot;:&quot;yes&quot;,&quot;motion_fx_mouseTrack_speed&quot;:{&quot;unit&quot;:&quot;px&quot;,&quot;size&quot;:0.7,&quot;sizes&quot;:[]},&quot;_transform_rotateZ_effect&quot;:{&quot;unit&quot;:&quot;px&quot;,&quot;size&quot;:205,&quot;sizes&quot;:[]},&quot;_transform_rotateZ_effect_mobile&quot;:{&quot;unit&quot;:&quot;deg&quot;,&quot;size&quot;:15,&quot;sizes&quot;:[]},&quot;_transform_rotateZ_effect_tablet&quot;:{&quot;unit&quot;:&quot;deg&quot;,&quot;size&quot;:&quot;&quot;,&quot;sizes&quot;:[]}}\" data-widget_type=\"image.default\">\n\t\t\t\t\t\t\t\t\t\t\t\t\t\t\t<img fetchpriority=\"high\" decoding=\"async\" width=\"797\" height=\"797\" src=\"https:\/\/equalityinfilm.org\/wp-content\/uploads\/2025\/11\/lime-ball-2@300x-8.png\" class=\"attachment-large size-large wp-image-1174\" alt=\"\" srcset=\"https:\/\/equalityinfilm.org\/wp-content\/uploads\/2025\/11\/lime-ball-2@300x-8.png 797w, https:\/\/equalityinfilm.org\/wp-content\/uploads\/2025\/11\/lime-ball-2@300x-8-300x300.png 300w, https:\/\/equalityinfilm.org\/wp-content\/uploads\/2025\/11\/lime-ball-2@300x-8-150x150.png 150w, https:\/\/equalityinfilm.org\/wp-content\/uploads\/2025\/11\/lime-ball-2@300x-8-768x768.png 768w\" sizes=\"(max-width: 797px) 100vw, 797px\" \/>\t\t\t\t\t\t\t\t\t\t\t\t\t\t\t<\/div>\n\t\t<div class=\"elementor-element elementor-element-393017c e-con-full elementor-hidden-desktop elementor-hidden-tablet elementor-hidden-mobile e-flex e-con e-child\" data-id=\"393017c\" data-element_type=\"container\" data-e-type=\"container\" data-settings=\"{&quot;background_background&quot;:&quot;classic&quot;}\">\n\t\t\t\t<div class=\"elementor-element elementor-element-4ebb3e1 elementor-widget elementor-widget-button\" data-id=\"4ebb3e1\" data-element_type=\"widget\" data-e-type=\"widget\" data-widget_type=\"button.default\">\n\t\t\t\t\t\t\t\t\t\t<a class=\"elementor-button elementor-button-link elementor-size-sm elementor-animation-grow\" href=\"https:\/\/forms.gle\/ykrPcKFPpkvDe7A9A\" target=\"_blank\">\n\t\t\t\t\t\t<span class=\"elementor-button-content-wrapper\">\n\t\t\t\t\t\t<span class=\"elementor-button-icon\">\n\t\t\t\t<i aria-hidden=\"true\" class=\"icon icon-pushpin\"><\/i>\t\t\t<\/span>\n\t\t\t\t\t\t\t\t\t<span class=\"elementor-button-text\">Register<\/span>\n\t\t\t\t\t<\/span>\n\t\t\t\t\t<\/a>\n\t\t\t\t\t\t\t\t<\/div>\n\t\t\t\t<\/div>\n\t\t\t\t\t<\/div>\n\t\t\t\t<\/div>\n\t\t<div class=\"elementor-element elementor-element-7c6e080 e-con-full e-flex e-con e-parent\" data-id=\"7c6e080\" data-element_type=\"container\" data-e-type=\"container\" id=\"sobrelared\" data-settings=\"{&quot;background_background&quot;:&quot;classic&quot;}\">\n\t\t<div class=\"elementor-element elementor-element-3f26e5d e-con-full e-flex e-con e-child\" data-id=\"3f26e5d\" data-element_type=\"container\" data-e-type=\"container\">\n\t\t\t\t<div class=\"elementor-element elementor-element-60f6038 elementor-widget elementor-widget-text-editor\" data-id=\"60f6038\" data-element_type=\"widget\" data-e-type=\"widget\" data-widget_type=\"text-editor.default\">\n\t\t\t\t\t\t\t\t\t<p>Organised by the<strong> Global Network for Gender Equality in Film and Audiovisual Media<\/strong> and promoted by <strong>CIMA<\/strong>, with the support of the <strong>Spanish Ministry of Culture<\/strong>, this event brought together renowned filmmakers, researchers, activists and industry leaders from around the world over two days to discuss the most pressing challenges faced by women and gender-diverse people.<\/p><p>Through a series of roundtables and discussions, the programme explored topics such as <strong>equality, diversity and inclusion (EDI) policies<\/strong> in film production, strategies to promote <strong>more inclusive storytelling<\/strong>, and ways to <strong>foster safer working environments<\/strong>.<\/p><p>The event was held online in English, with simultaneous translation in Spanish, and its content is available free of charge <a href=\"https:\/\/www.youtube.com\/playlist?list=PLqYiR7-IGrIs1i-GlgRzCScvRn51MOf2c\" target=\"_blank\" rel=\"noopener\">on CIMA&#8217;s YouTube<\/a>.<\/p>\t\t\t\t\t\t\t\t<\/div>\n\t\t\t\t<\/div>\n\t\t\t\t<div class=\"elementor-element elementor-element-f13e190 elementor-absolute elementor-widget elementor-widget-spacer\" data-id=\"f13e190\" data-element_type=\"widget\" data-e-type=\"widget\" data-settings=\"{&quot;_position&quot;:&quot;absolute&quot;}\" data-widget_type=\"spacer.default\">\n\t\t\t\t\t\t\t<div class=\"elementor-spacer\">\n\t\t\t<div class=\"elementor-spacer-inner\"><\/div>\n\t\t<\/div>\n\t\t\t\t\t\t<\/div>\n\t\t\t\t<\/div>\n\t\t<div class=\"elementor-element elementor-element-ef2fb4a e-con-full e-flex e-con e-parent\" data-id=\"ef2fb4a\" data-element_type=\"container\" data-e-type=\"container\" data-settings=\"{&quot;background_background&quot;:&quot;classic&quot;}\">\n\t\t<div class=\"elementor-element elementor-element-94d54b4 e-con-full e-flex e-con e-child\" data-id=\"94d54b4\" data-element_type=\"container\" data-e-type=\"container\">\n\t\t<div class=\"elementor-element elementor-element-8e40d07 e-con-full e-flex e-con e-child\" data-id=\"8e40d07\" data-element_type=\"container\" data-e-type=\"container\">\n\t\t\t\t<div class=\"elementor-element elementor-element-c7179bc elementor-widget elementor-widget-video\" data-id=\"c7179bc\" data-element_type=\"widget\" data-e-type=\"widget\" data-settings=\"{&quot;youtube_url&quot;:&quot;https:\\\/\\\/www.youtube.com\\\/watch?v=DpPXux9mXlM&amp;list=PLqYiR7-IGrIs1i-GlgRzCScvRn51MOf2c&amp;index=2&quot;,&quot;video_type&quot;:&quot;youtube&quot;,&quot;controls&quot;:&quot;yes&quot;}\" data-widget_type=\"video.default\">\n\t\t\t\t\t\t\t<div class=\"elementor-wrapper elementor-open-inline\">\n\t\t\t<div class=\"elementor-video\"><\/div>\t\t<\/div>\n\t\t\t\t\t\t<\/div>\n\t\t\t\t<\/div>\n\t\t<div class=\"elementor-element elementor-element-9e32400 e-con-full e-flex e-con e-child\" data-id=\"9e32400\" data-element_type=\"container\" data-e-type=\"container\">\n\t\t\t\t<div class=\"elementor-element elementor-element-3caa1b2 elementor-widget elementor-widget-video\" data-id=\"3caa1b2\" data-element_type=\"widget\" data-e-type=\"widget\" data-settings=\"{&quot;youtube_url&quot;:&quot;https:\\\/\\\/www.youtube.com\\\/watch?v=efhNGMWhZPU&amp;list=PLqYiR7-IGrIs1i-GlgRzCScvRn51MOf2c&amp;index=3&quot;,&quot;video_type&quot;:&quot;youtube&quot;,&quot;controls&quot;:&quot;yes&quot;}\" data-widget_type=\"video.default\">\n\t\t\t\t\t\t\t<div class=\"elementor-wrapper elementor-open-inline\">\n\t\t\t<div class=\"elementor-video\"><\/div>\t\t<\/div>\n\t\t\t\t\t\t<\/div>\n\t\t\t\t<\/div>\n\t\t<div class=\"elementor-element elementor-element-cd192e6 e-con-full e-flex e-con e-child\" data-id=\"cd192e6\" data-element_type=\"container\" data-e-type=\"container\">\n\t\t\t\t<div class=\"elementor-element elementor-element-444b8d7 elementor-widget elementor-widget-video\" data-id=\"444b8d7\" data-element_type=\"widget\" data-e-type=\"widget\" data-settings=\"{&quot;youtube_url&quot;:&quot;https:\\\/\\\/www.youtube.com\\\/watch?v=0b_bpHMcsrs&amp;list=PLqYiR7-IGrIs1i-GlgRzCScvRn51MOf2c&amp;index=5&quot;,&quot;video_type&quot;:&quot;youtube&quot;,&quot;controls&quot;:&quot;yes&quot;}\" data-widget_type=\"video.default\">\n\t\t\t\t\t\t\t<div class=\"elementor-wrapper elementor-open-inline\">\n\t\t\t<div class=\"elementor-video\"><\/div>\t\t<\/div>\n\t\t\t\t\t\t<\/div>\n\t\t\t\t<\/div>\n\t\t<div class=\"elementor-element elementor-element-98b712e e-con-full e-flex e-con e-child\" data-id=\"98b712e\" data-element_type=\"container\" data-e-type=\"container\">\n\t\t\t\t<div class=\"elementor-element elementor-element-40fa32d elementor-widget elementor-widget-video\" data-id=\"40fa32d\" data-element_type=\"widget\" data-e-type=\"widget\" data-settings=\"{&quot;youtube_url&quot;:&quot;https:\\\/\\\/www.youtube.com\\\/watch?v=dmghQsCo8W4&amp;list=PLqYiR7-IGrIs1i-GlgRzCScvRn51MOf2c&amp;index=6&quot;,&quot;video_type&quot;:&quot;youtube&quot;,&quot;controls&quot;:&quot;yes&quot;}\" data-widget_type=\"video.default\">\n\t\t\t\t\t\t\t<div class=\"elementor-wrapper elementor-open-inline\">\n\t\t\t<div class=\"elementor-video\"><\/div>\t\t<\/div>\n\t\t\t\t\t\t<\/div>\n\t\t\t\t<\/div>\n\t\t\t\t<\/div>\n\t\t\t\t<div class=\"elementor-element elementor-element-c9896b0 elementor-absolute elementor-widget elementor-widget-spacer\" data-id=\"c9896b0\" data-element_type=\"widget\" data-e-type=\"widget\" data-settings=\"{&quot;_position&quot;:&quot;absolute&quot;}\" data-widget_type=\"spacer.default\">\n\t\t\t\t\t\t\t<div class=\"elementor-spacer\">\n\t\t\t<div class=\"elementor-spacer-inner\"><\/div>\n\t\t<\/div>\n\t\t\t\t\t\t<\/div>\n\t\t\t\t<\/div>\n\t\t<div class=\"elementor-element elementor-element-f8adadc e-flex e-con-boxed e-con e-parent\" data-id=\"f8adadc\" data-element_type=\"container\" data-e-type=\"container\" data-settings=\"{&quot;background_background&quot;:&quot;classic&quot;}\">\n\t\t\t\t\t<div class=\"e-con-inner\">\n\t\t<div class=\"elementor-element elementor-element-f343919 e-con-full e-flex e-con e-child\" data-id=\"f343919\" data-element_type=\"container\" data-e-type=\"container\">\n\t\t\t\t<div class=\"elementor-element elementor-element-08aff9c elementor-widget elementor-widget-heading\" data-id=\"08aff9c\" data-element_type=\"widget\" data-e-type=\"widget\" data-widget_type=\"heading.default\">\n\t\t\t\t\t<h4 class=\"elementor-heading-title elementor-size-default\">Event Agenda<\/h4>\t\t\t\t<\/div>\n\t\t\t\t<div class=\"elementor-element elementor-element-4d66209 elementor-widget elementor-widget-heading\" data-id=\"4d66209\" data-element_type=\"widget\" data-e-type=\"widget\" data-widget_type=\"heading.default\">\n\t\t\t\t\t<h4 class=\"elementor-heading-title elementor-size-default\">MAY 6, 2026<\/h4>\t\t\t\t<\/div>\n\t\t\t\t<div class=\"elementor-element elementor-element-32fd886 elementor-widget-divider--view-line elementor-widget elementor-widget-divider\" data-id=\"32fd886\" data-element_type=\"widget\" data-e-type=\"widget\" data-widget_type=\"divider.default\">\n\t\t\t\t\t\t\t<div class=\"elementor-divider\">\n\t\t\t<span class=\"elementor-divider-separator\">\n\t\t\t\t\t\t<\/span>\n\t\t<\/div>\n\t\t\t\t\t\t<\/div>\n\t\t\t\t<div class=\"elementor-element elementor-element-2d160d4 elementor-widget elementor-widget-text-editor\" data-id=\"2d160d4\" data-element_type=\"widget\" data-e-type=\"widget\" data-widget_type=\"text-editor.default\">\n\t\t\t\t\t\t\t\t\t<p><strong>5:00 PM<\/strong><b><br\/><\/b> Welcome speech by CIMA<\/p><p><b>5:10 PM \u2013 6:20 PM<\/b><b><br\/><\/b> <b>Panel discussion: Who can make films? From policy to practice<\/b><\/p><p>How can public policies help transform the film industry? This session brings together voices from Europe, Latin America, and Africa to discuss equality, diversity, and inclusion policies in film production. Which measures are truly making a difference and how can they inspire change in other contexts?  <\/p>\t\t\t\t\t\t\t\t<\/div>\n\t\t<div class=\"elementor-element elementor-element-c951738 e-con-full e-flex e-con e-child\" data-id=\"c951738\" data-element_type=\"container\" data-e-type=\"container\">\n\t\t<div class=\"elementor-element elementor-element-88e195f e-con-full e-flex e-con e-child\" data-id=\"88e195f\" data-element_type=\"container\" data-e-type=\"container\">\n\t\t<div class=\"elementor-element elementor-element-e7a6063 e-con-full e-flex e-con e-child\" data-id=\"e7a6063\" data-element_type=\"container\" data-e-type=\"container\">\n\t\t\t\t<div class=\"elementor-element elementor-element-bf4e748 elementor-widget__width-initial elementor-widget elementor-widget-image\" data-id=\"bf4e748\" data-element_type=\"widget\" data-e-type=\"widget\" data-widget_type=\"image.default\">\n\t\t\t\t\t\t\t\t\t\t\t\t\t\t\t<img decoding=\"async\" width=\"1024\" height=\"1024\" src=\"https:\/\/equalityinfilm.org\/wp-content\/uploads\/2026\/04\/Alexia-Muinos-1024x1024.jpg\" class=\"attachment-large size-large wp-image-2471\" alt=\"\" srcset=\"https:\/\/equalityinfilm.org\/wp-content\/uploads\/2026\/04\/Alexia-Muinos-1024x1024.jpg 1024w, https:\/\/equalityinfilm.org\/wp-content\/uploads\/2026\/04\/Alexia-Muinos-300x300.jpg 300w, https:\/\/equalityinfilm.org\/wp-content\/uploads\/2026\/04\/Alexia-Muinos-150x150.jpg 150w, https:\/\/equalityinfilm.org\/wp-content\/uploads\/2026\/04\/Alexia-Muinos-768x768.jpg 768w, https:\/\/equalityinfilm.org\/wp-content\/uploads\/2026\/04\/Alexia-Muinos.jpg 1324w\" sizes=\"(max-width: 1024px) 100vw, 1024px\" \/>\t\t\t\t\t\t\t\t\t\t\t\t\t\t\t<\/div>\n\t\t\t\t<div class=\"elementor-element elementor-element-1ae7d1e elementor-widget elementor-widget-heading\" data-id=\"1ae7d1e\" data-element_type=\"widget\" data-e-type=\"widget\" data-widget_type=\"heading.default\">\n\t\t\t\t\t<h2 class=\"elementor-heading-title elementor-size-default\">Alexia Mui\u00f1os (Moderator)<\/h2>\t\t\t\t<\/div>\n\t\t\t\t<div class=\"elementor-element elementor-element-5afd8d7 elementor-widget elementor-widget-text-editor\" data-id=\"5afd8d7\" data-element_type=\"widget\" data-e-type=\"widget\" data-widget_type=\"text-editor.default\">\n\t\t\t\t\t\t\t\t\t<p>Executive director of EWA (European Women\u2019s European Network) <strong>(Espa\u00f1a)<\/strong><\/p>\t\t\t\t\t\t\t\t<\/div>\n\t\t\t\t<\/div>\n\t\t\t\t<div class=\"elementor-element elementor-element-6c072f9 elementor-widget elementor-widget-n-accordion\" data-id=\"6c072f9\" data-element_type=\"widget\" data-e-type=\"widget\" data-settings=\"{&quot;default_state&quot;:&quot;all_collapsed&quot;,&quot;max_items_expended&quot;:&quot;one&quot;,&quot;n_accordion_animation_duration&quot;:{&quot;unit&quot;:&quot;ms&quot;,&quot;size&quot;:400,&quot;sizes&quot;:[]}}\" data-widget_type=\"nested-accordion.default\">\n\t\t\t\t\t\t\t<div class=\"e-n-accordion\" aria-label=\"Accordion. Open links with Enter or Space, close with Escape, and navigate with Arrow Keys\">\n\t\t\t\t\t\t<details id=\"e-n-accordion-item-1130\" class=\"e-n-accordion-item\" >\n\t\t\t\t<summary class=\"e-n-accordion-item-title\" data-accordion-index=\"1\" tabindex=\"0\" aria-expanded=\"false\" aria-controls=\"e-n-accordion-item-1130\" >\n\t\t\t\t\t<span class='e-n-accordion-item-title-header'><div class=\"e-n-accordion-item-title-text\"> Show more <\/div><\/span>\n\t\t\t\t\t\t\t<span class='e-n-accordion-item-title-icon'>\n\t\t\t<span class='e-opened' ><i aria-hidden=\"true\" class=\"icon icon-up-arrow1\"><\/i><\/span>\n\t\t\t<span class='e-closed'><i aria-hidden=\"true\" class=\"icon icon-chevron-down\"><\/i><\/span>\n\t\t<\/span>\n\n\t\t\t\t\t\t<\/summary>\n\t\t\t\t<div role=\"region\" aria-labelledby=\"e-n-accordion-item-1130\" class=\"elementor-element elementor-element-39273e9 e-con-full e-flex e-con e-child\" data-id=\"39273e9\" data-element_type=\"container\" data-e-type=\"container\">\n\t\t\t\t<div class=\"elementor-element elementor-element-cb20d50 elementor-widget elementor-widget-text-editor\" data-id=\"cb20d50\" data-element_type=\"widget\" data-e-type=\"widget\" data-widget_type=\"text-editor.default\">\n\t\t\t\t\t\t\t\t\t<p>Alexia Mui\u00f1os Ruiz is a filmmaker, gender equality expert, and communication strategist with nearly two decades of experience connecting cinema and social change. Since 2024, she has served as Executive Director of the European Women&#8217;s Audiovisual Network (EWA), leading its work to advance gender equality in European cinema. She was instrumental in EWA\u2019s founding in 2013 and co-authored its landmark study on the underrepresentation of women directors, a key reference in European policy and industry debates.  <\/p><p>A co-founder of Dones Visuals, she is also a recognized voice in feminist film activism in Spain and internationally.<\/p><p>Alongside her advocacy work, Alexia has developed a multifaceted audiovisual career as a writer, director, producer, educator, and speaker. Founder of Marineda Films, she produced her internationally acclaimed debut feature and continues to work across filmmaking, consultancy, criticism, and training. Her background in science and cinema informs her distinctive, research-driven approach.  <\/p>\t\t\t\t\t\t\t\t<\/div>\n\t\t\t\t<\/div>\n\t\t\t\t\t<\/details>\n\t\t\t\t\t<\/div>\n\t\t\t\t\t\t<\/div>\n\t\t\t\t<\/div>\n\t\t<div class=\"elementor-element elementor-element-bbbb08a e-con-full e-flex e-con e-child\" data-id=\"bbbb08a\" data-element_type=\"container\" data-e-type=\"container\">\n\t\t<div class=\"elementor-element elementor-element-25e6914 e-con-full e-flex e-con e-child\" data-id=\"25e6914\" data-element_type=\"container\" data-e-type=\"container\">\n\t\t\t\t<div class=\"elementor-element elementor-element-d88fc14 elementor-widget__width-initial elementor-widget elementor-widget-image\" data-id=\"d88fc14\" data-element_type=\"widget\" data-e-type=\"widget\" data-widget_type=\"image.default\">\n\t\t\t\t\t\t\t\t\t\t\t\t\t\t\t<img decoding=\"async\" width=\"748\" height=\"747\" src=\"https:\/\/equalityinfilm.org\/wp-content\/uploads\/2026\/04\/Fabienne_Silvestre.jpg\" class=\"attachment-large size-large wp-image-2472\" alt=\"\" srcset=\"https:\/\/equalityinfilm.org\/wp-content\/uploads\/2026\/04\/Fabienne_Silvestre.jpg 748w, https:\/\/equalityinfilm.org\/wp-content\/uploads\/2026\/04\/Fabienne_Silvestre-300x300.jpg 300w, https:\/\/equalityinfilm.org\/wp-content\/uploads\/2026\/04\/Fabienne_Silvestre-150x150.jpg 150w\" sizes=\"(max-width: 748px) 100vw, 748px\" \/>\t\t\t\t\t\t\t\t\t\t\t\t\t\t\t<\/div>\n\t\t\t\t<div class=\"elementor-element elementor-element-f4f6cd4 elementor-widget elementor-widget-heading\" data-id=\"f4f6cd4\" data-element_type=\"widget\" data-e-type=\"widget\" data-widget_type=\"heading.default\">\n\t\t\t\t\t<h2 class=\"elementor-heading-title elementor-size-default\">Fabienne Silvestre<\/h2>\t\t\t\t<\/div>\n\t\t\t\t<div class=\"elementor-element elementor-element-79b804e elementor-widget elementor-widget-text-editor\" data-id=\"79b804e\" data-element_type=\"widget\" data-e-type=\"widget\" data-widget_type=\"text-editor.default\">\n\t\t\t\t\t\t\t\t\t<p>Co-founder and director of the Lab Femmes de cin\u00e9ma <strong>(Francia)<\/strong><\/p>\t\t\t\t\t\t\t\t<\/div>\n\t\t\t\t<\/div>\n\t\t\t\t<div class=\"elementor-element elementor-element-99a36ae elementor-widget elementor-widget-n-accordion\" data-id=\"99a36ae\" data-element_type=\"widget\" data-e-type=\"widget\" data-settings=\"{&quot;default_state&quot;:&quot;all_collapsed&quot;,&quot;max_items_expended&quot;:&quot;one&quot;,&quot;n_accordion_animation_duration&quot;:{&quot;unit&quot;:&quot;ms&quot;,&quot;size&quot;:400,&quot;sizes&quot;:[]}}\" data-widget_type=\"nested-accordion.default\">\n\t\t\t\t\t\t\t<div class=\"e-n-accordion\" aria-label=\"Accordion. Open links with Enter or Space, close with Escape, and navigate with Arrow Keys\">\n\t\t\t\t\t\t<details id=\"e-n-accordion-item-1610\" class=\"e-n-accordion-item\" >\n\t\t\t\t<summary class=\"e-n-accordion-item-title\" data-accordion-index=\"1\" tabindex=\"0\" aria-expanded=\"false\" aria-controls=\"e-n-accordion-item-1610\" >\n\t\t\t\t\t<span class='e-n-accordion-item-title-header'><div class=\"e-n-accordion-item-title-text\"> Show more <\/div><\/span>\n\t\t\t\t\t\t\t<span class='e-n-accordion-item-title-icon'>\n\t\t\t<span class='e-opened' ><i aria-hidden=\"true\" class=\"icon icon-up-arrow1\"><\/i><\/span>\n\t\t\t<span class='e-closed'><i aria-hidden=\"true\" class=\"icon icon-chevron-down\"><\/i><\/span>\n\t\t<\/span>\n\n\t\t\t\t\t\t<\/summary>\n\t\t\t\t<div role=\"region\" aria-labelledby=\"e-n-accordion-item-1610\" class=\"elementor-element elementor-element-cbf8608 e-con-full e-flex e-con e-child\" data-id=\"cbf8608\" data-element_type=\"container\" data-e-type=\"container\">\n\t\t\t\t<div class=\"elementor-element elementor-element-9d441e1 elementor-widget elementor-widget-text-editor\" data-id=\"9d441e1\" data-element_type=\"widget\" data-e-type=\"widget\" data-widget_type=\"text-editor.default\">\n\t\t\t\t\t\t\t\t\t<p>Fabienne Silvestre is a leading figure in European cinema and gender equality advocacy. She is co-founder and director of Lab Femmes de Cin\u00e9ma and Director of External Relations at the Les Arcs Film Festival, which she also co-founded. Through both initiatives, she works to advance women\u2019s representation in the audiovisual industry and to connect cinema with broader social issues.  <\/p><p>Her career spans politics, industry, sustainable development, and nearly two decades in cinema, always guided by a commitment to dialogue, collective intelligence, and social transformation. A certified coach, she brings expertise in facilitation and collaborative processes to her work. <\/p><p>Profundamente influenciada por pensadoras feministas como Simone de Beauvoir y Angela Davis, Fabienne concibe el cine como una fuerza cultural y pol\u00edtica capaz de moldear imaginarios, y aboga por un sector cinematogr\u00e1fico europeo m\u00e1s inclusivo, equitativo y comprometido.<\/p>\t\t\t\t\t\t\t\t<\/div>\n\t\t\t\t<\/div>\n\t\t\t\t\t<\/details>\n\t\t\t\t\t<\/div>\n\t\t\t\t\t\t<\/div>\n\t\t\t\t<\/div>\n\t\t<div class=\"elementor-element elementor-element-8239f0f e-con-full e-flex e-con e-child\" data-id=\"8239f0f\" data-element_type=\"container\" data-e-type=\"container\">\n\t\t<div class=\"elementor-element elementor-element-c237908 e-con-full e-flex e-con e-child\" data-id=\"c237908\" data-element_type=\"container\" data-e-type=\"container\">\n\t\t\t\t<div class=\"elementor-element elementor-element-dc9acf3 elementor-widget__width-initial elementor-widget elementor-widget-image\" data-id=\"dc9acf3\" data-element_type=\"widget\" data-e-type=\"widget\" data-widget_type=\"image.default\">\n\t\t\t\t\t\t\t\t\t\t\t\t\t\t\t<img loading=\"lazy\" decoding=\"async\" width=\"1024\" height=\"1024\" src=\"https:\/\/equalityinfilm.org\/wp-content\/uploads\/2026\/04\/LyaraOliveira_divulgacao_vertical-1024x1024.jpg\" class=\"attachment-large size-large wp-image-2473\" alt=\"\" srcset=\"https:\/\/equalityinfilm.org\/wp-content\/uploads\/2026\/04\/LyaraOliveira_divulgacao_vertical-1024x1024.jpg 1024w, https:\/\/equalityinfilm.org\/wp-content\/uploads\/2026\/04\/LyaraOliveira_divulgacao_vertical-300x300.jpg 300w, https:\/\/equalityinfilm.org\/wp-content\/uploads\/2026\/04\/LyaraOliveira_divulgacao_vertical-150x150.jpg 150w, https:\/\/equalityinfilm.org\/wp-content\/uploads\/2026\/04\/LyaraOliveira_divulgacao_vertical-768x768.jpg 768w, https:\/\/equalityinfilm.org\/wp-content\/uploads\/2026\/04\/LyaraOliveira_divulgacao_vertical-1536x1536.jpg 1536w, https:\/\/equalityinfilm.org\/wp-content\/uploads\/2026\/04\/LyaraOliveira_divulgacao_vertical-2048x2048.jpg 2048w\" sizes=\"(max-width: 1024px) 100vw, 1024px\" \/>\t\t\t\t\t\t\t\t\t\t\t\t\t\t\t<\/div>\n\t\t\t\t<div class=\"elementor-element elementor-element-dd98400 elementor-widget elementor-widget-heading\" data-id=\"dd98400\" data-element_type=\"widget\" data-e-type=\"widget\" data-widget_type=\"heading.default\">\n\t\t\t\t\t<h2 class=\"elementor-heading-title elementor-size-default\">Lyara Oliveira<\/h2>\t\t\t\t<\/div>\n\t\t\t\t<div class=\"elementor-element elementor-element-67fc29d elementor-widget elementor-widget-text-editor\" data-id=\"67fc29d\" data-element_type=\"widget\" data-e-type=\"widget\" data-widget_type=\"text-editor.default\">\n\t\t\t\t\t\t\t\t\t<p>VP of the Instituto + Mulheres \u2013 Women\u2019s Leadership in Brazilian Audiovisual and Founder <strong>(Brasil)<\/strong><\/p>\t\t\t\t\t\t\t\t<\/div>\n\t\t\t\t<\/div>\n\t\t\t\t<div class=\"elementor-element elementor-element-8343a2c elementor-widget elementor-widget-n-accordion\" data-id=\"8343a2c\" data-element_type=\"widget\" data-e-type=\"widget\" data-settings=\"{&quot;default_state&quot;:&quot;all_collapsed&quot;,&quot;max_items_expended&quot;:&quot;one&quot;,&quot;n_accordion_animation_duration&quot;:{&quot;unit&quot;:&quot;ms&quot;,&quot;size&quot;:400,&quot;sizes&quot;:[]}}\" data-widget_type=\"nested-accordion.default\">\n\t\t\t\t\t\t\t<div class=\"e-n-accordion\" aria-label=\"Accordion. Open links with Enter or Space, close with Escape, and navigate with Arrow Keys\">\n\t\t\t\t\t\t<details id=\"e-n-accordion-item-1370\" class=\"e-n-accordion-item\" >\n\t\t\t\t<summary class=\"e-n-accordion-item-title\" data-accordion-index=\"1\" tabindex=\"0\" aria-expanded=\"false\" aria-controls=\"e-n-accordion-item-1370\" >\n\t\t\t\t\t<span class='e-n-accordion-item-title-header'><div class=\"e-n-accordion-item-title-text\"> Show more <\/div><\/span>\n\t\t\t\t\t\t\t<span class='e-n-accordion-item-title-icon'>\n\t\t\t<span class='e-opened' ><i aria-hidden=\"true\" class=\"icon icon-up-arrow1\"><\/i><\/span>\n\t\t\t<span class='e-closed'><i aria-hidden=\"true\" class=\"icon icon-chevron-down\"><\/i><\/span>\n\t\t<\/span>\n\n\t\t\t\t\t\t<\/summary>\n\t\t\t\t<div role=\"region\" aria-labelledby=\"e-n-accordion-item-1370\" class=\"elementor-element elementor-element-08c3524 e-con-full e-flex e-con e-child\" data-id=\"08c3524\" data-element_type=\"container\" data-e-type=\"container\">\n\t\t\t\t<div class=\"elementor-element elementor-element-610549a elementor-widget elementor-widget-text-editor\" data-id=\"610549a\" data-element_type=\"widget\" data-e-type=\"widget\" data-widget_type=\"text-editor.default\">\n\t\t\t\t\t\t\t\t\t<p>Lyara Oliveira is an audiovisual artist, researcher, and public policy leader with over two decades of experience in film and media. Since 2024, she has served as President of Spcine, after leading its Innovation and Audiovisual Policies department, where she played a key role in shaping S\u00e3o Paulo\u2019s audiovisual ecosystem through innovation, inclusion, and sector development.<br\/> <\/p><p>At Spcine, she has led transformative initiatives such as the relaunch of Spcine Play, the expansion of the Spcine Circuit of cinemas, and the creation of the Spcine Diversity Network, promoting access, new voices, and stronger connections with games and new media.<\/p><p>Alongside her institutional leadership, Lyara has collaborated with major broadcasters including Rede Globo and Canal Futura, and teaches at leading institutions such as ESPM and FAAP.<\/p><p>She holds a PhD from the University of S\u00e3o Paulo and is committed to a more diverse, innovative, and accessible audiovisual landscape.<\/p>\t\t\t\t\t\t\t\t<\/div>\n\t\t\t\t<\/div>\n\t\t\t\t\t<\/details>\n\t\t\t\t\t<\/div>\n\t\t\t\t\t\t<\/div>\n\t\t\t\t<\/div>\n\t\t<div class=\"elementor-element elementor-element-81416d5 e-con-full e-flex e-con e-child\" data-id=\"81416d5\" data-element_type=\"container\" data-e-type=\"container\">\n\t\t<div class=\"elementor-element elementor-element-fb51aae e-con-full e-flex e-con e-child\" data-id=\"fb51aae\" data-element_type=\"container\" data-e-type=\"container\">\n\t\t\t\t<div class=\"elementor-element elementor-element-35f1684 elementor-widget__width-initial elementor-widget elementor-widget-image\" data-id=\"35f1684\" data-element_type=\"widget\" data-e-type=\"widget\" data-widget_type=\"image.default\">\n\t\t\t\t\t\t\t\t\t\t\t\t\t\t\t<img loading=\"lazy\" decoding=\"async\" width=\"914\" height=\"914\" src=\"https:\/\/equalityinfilm.org\/wp-content\/uploads\/2026\/04\/Zanele_Mthembu.jpg\" class=\"attachment-large size-large wp-image-2474\" alt=\"\" srcset=\"https:\/\/equalityinfilm.org\/wp-content\/uploads\/2026\/04\/Zanele_Mthembu.jpg 914w, https:\/\/equalityinfilm.org\/wp-content\/uploads\/2026\/04\/Zanele_Mthembu-300x300.jpg 300w, https:\/\/equalityinfilm.org\/wp-content\/uploads\/2026\/04\/Zanele_Mthembu-150x150.jpg 150w, https:\/\/equalityinfilm.org\/wp-content\/uploads\/2026\/04\/Zanele_Mthembu-768x768.jpg 768w\" sizes=\"(max-width: 914px) 100vw, 914px\" \/>\t\t\t\t\t\t\t\t\t\t\t\t\t\t\t<\/div>\n\t\t\t\t<div class=\"elementor-element elementor-element-d78e651 elementor-widget elementor-widget-heading\" data-id=\"d78e651\" data-element_type=\"widget\" data-e-type=\"widget\" data-widget_type=\"heading.default\">\n\t\t\t\t\t<h2 class=\"elementor-heading-title elementor-size-default\">Zanele Mthembu<\/h2>\t\t\t\t<\/div>\n\t\t\t\t<div class=\"elementor-element elementor-element-09cdba2 elementor-widget elementor-widget-text-editor\" data-id=\"09cdba2\" data-element_type=\"widget\" data-e-type=\"widget\" data-widget_type=\"text-editor.default\">\n\t\t\t\t\t\t\t\t\t<p>Acting Executive Officer (AEO) Sisters Working in Film &#038; TV<strong> (South Africa)<\/strong><\/p>\t\t\t\t\t\t\t\t<\/div>\n\t\t\t\t<\/div>\n\t\t\t\t<div class=\"elementor-element elementor-element-a3402a3 elementor-widget elementor-widget-n-accordion\" data-id=\"a3402a3\" data-element_type=\"widget\" data-e-type=\"widget\" data-settings=\"{&quot;default_state&quot;:&quot;all_collapsed&quot;,&quot;max_items_expended&quot;:&quot;one&quot;,&quot;n_accordion_animation_duration&quot;:{&quot;unit&quot;:&quot;ms&quot;,&quot;size&quot;:400,&quot;sizes&quot;:[]}}\" data-widget_type=\"nested-accordion.default\">\n\t\t\t\t\t\t\t<div class=\"e-n-accordion\" aria-label=\"Accordion. Open links with Enter or Space, close with Escape, and navigate with Arrow Keys\">\n\t\t\t\t\t\t<details id=\"e-n-accordion-item-1710\" class=\"e-n-accordion-item\" >\n\t\t\t\t<summary class=\"e-n-accordion-item-title\" data-accordion-index=\"1\" tabindex=\"0\" aria-expanded=\"false\" aria-controls=\"e-n-accordion-item-1710\" >\n\t\t\t\t\t<span class='e-n-accordion-item-title-header'><div class=\"e-n-accordion-item-title-text\"> Show more <\/div><\/span>\n\t\t\t\t\t\t\t<span class='e-n-accordion-item-title-icon'>\n\t\t\t<span class='e-opened' ><i aria-hidden=\"true\" class=\"icon icon-up-arrow1\"><\/i><\/span>\n\t\t\t<span class='e-closed'><i aria-hidden=\"true\" class=\"icon icon-chevron-down\"><\/i><\/span>\n\t\t<\/span>\n\n\t\t\t\t\t\t<\/summary>\n\t\t\t\t<div role=\"region\" aria-labelledby=\"e-n-accordion-item-1710\" class=\"elementor-element elementor-element-462c8f6 e-con-full e-flex e-con e-child\" data-id=\"462c8f6\" data-element_type=\"container\" data-e-type=\"container\">\n\t\t\t\t<div class=\"elementor-element elementor-element-fd44df2 elementor-widget elementor-widget-text-editor\" data-id=\"fd44df2\" data-element_type=\"widget\" data-e-type=\"widget\" data-widget_type=\"text-editor.default\">\n\t\t\t\t\t\t\t\t\t<p>Zanele Mthembu is a South African media executive, producer, and strategist with over two decades of experience across broadcasting, film, and television. She is Managing Director of Brown Panther Films and a part-time lecturer at Tshwane University of Technology, committed to developing both original content and emerging talent.<br\/> <\/p><p>With deep expertise across the full audiovisual value chain, she has held major leadership roles including Group Head of Content at eMedia Group and first Executive Head of Channel at Newzroom Afrika.<\/p><p>A strong advocate for inclusion, she is former Chairperson and current Acting Executive Officer of Sisters Working in Film and Television (SWIFT), advancing opportunities for women in the sector. She also served on the National Film and Video Foundation council. <\/p><p>An international juror and Fellow of the Africa Leadership Initiative and Aspen Global Leadership Network, Zanele combines strategic leadership with a deep commitment to equity and industry transformation.<\/p>\t\t\t\t\t\t\t\t<\/div>\n\t\t\t\t<\/div>\n\t\t\t\t\t<\/details>\n\t\t\t\t\t<\/div>\n\t\t\t\t\t\t<\/div>\n\t\t\t\t<\/div>\n\t\t\t\t<\/div>\n\t\t\t\t<div class=\"elementor-element elementor-element-ad1d0b8 elementor-widget elementor-widget-text-editor\" data-id=\"ad1d0b8\" data-element_type=\"widget\" data-e-type=\"widget\" data-widget_type=\"text-editor.default\">\n\t\t\t\t\t\t\t\t\t<p>&#8212;&#8212;&#8211; 10-minute break &#8212;&#8212;&#8212;-<\/p><p><b>6:30 PM \u2013 7:50 PM<\/b><b><br\/><\/b> <b>Panel discussion: Representation matters: challenging stereotypes on screen<\/b><\/p><p>Who appears on screen and in what way? This conversation explores how stereotypes related to gender, age, ethnicity, disability, sexuality and class continue to influence audiovisual narratives. Participants will share research, initiatives and creative strategies to promote more inclusive storytelling and transform representation in film and television.  <\/p>\t\t\t\t\t\t\t\t<\/div>\n\t\t<div class=\"elementor-element elementor-element-f7ca557 e-con-full e-flex e-con e-child\" data-id=\"f7ca557\" data-element_type=\"container\" data-e-type=\"container\">\n\t\t<div class=\"elementor-element elementor-element-e17c45a e-con-full e-flex e-con e-child\" data-id=\"e17c45a\" data-element_type=\"container\" data-e-type=\"container\">\n\t\t<div class=\"elementor-element elementor-element-cbb89aa e-con-full e-flex e-con e-child\" data-id=\"cbb89aa\" data-element_type=\"container\" data-e-type=\"container\">\n\t\t\t\t<div class=\"elementor-element elementor-element-2d54271 elementor-widget__width-initial elementor-widget elementor-widget-image\" data-id=\"2d54271\" data-element_type=\"widget\" data-e-type=\"widget\" data-widget_type=\"image.default\">\n\t\t\t\t\t\t\t\t\t\t\t\t\t\t\t<img loading=\"lazy\" decoding=\"async\" width=\"1024\" height=\"1024\" src=\"https:\/\/equalityinfilm.org\/wp-content\/uploads\/2026\/04\/Femi-Head-to-Waist-September-2023-1024x1024.jpg\" class=\"attachment-large size-large wp-image-2475\" alt=\"\" srcset=\"https:\/\/equalityinfilm.org\/wp-content\/uploads\/2026\/04\/Femi-Head-to-Waist-September-2023-1024x1024.jpg 1024w, https:\/\/equalityinfilm.org\/wp-content\/uploads\/2026\/04\/Femi-Head-to-Waist-September-2023-300x300.jpg 300w, https:\/\/equalityinfilm.org\/wp-content\/uploads\/2026\/04\/Femi-Head-to-Waist-September-2023-150x150.jpg 150w, https:\/\/equalityinfilm.org\/wp-content\/uploads\/2026\/04\/Femi-Head-to-Waist-September-2023-768x768.jpg 768w, https:\/\/equalityinfilm.org\/wp-content\/uploads\/2026\/04\/Femi-Head-to-Waist-September-2023-1536x1536.jpg 1536w, https:\/\/equalityinfilm.org\/wp-content\/uploads\/2026\/04\/Femi-Head-to-Waist-September-2023-2048x2048.jpg 2048w\" sizes=\"(max-width: 1024px) 100vw, 1024px\" \/>\t\t\t\t\t\t\t\t\t\t\t\t\t\t\t<\/div>\n\t\t\t\t<div class=\"elementor-element elementor-element-f61ac25 elementor-widget elementor-widget-heading\" data-id=\"f61ac25\" data-element_type=\"widget\" data-e-type=\"widget\" data-widget_type=\"heading.default\">\n\t\t\t\t\t<h2 class=\"elementor-heading-title elementor-size-default\">Femi Otitoju (Moderator)<\/h2>\t\t\t\t<\/div>\n\t\t\t\t<div class=\"elementor-element elementor-element-138835c elementor-widget elementor-widget-text-editor\" data-id=\"138835c\" data-element_type=\"widget\" data-e-type=\"widget\" data-widget_type=\"text-editor.default\">\n\t\t\t\t\t\t\t\t\t<p>Founder Challenge Training and Consulting <strong>(UK)<\/strong><\/p>\t\t\t\t\t\t\t\t<\/div>\n\t\t\t\t<\/div>\n\t\t\t\t<div class=\"elementor-element elementor-element-49df80a elementor-widget elementor-widget-n-accordion\" data-id=\"49df80a\" data-element_type=\"widget\" data-e-type=\"widget\" data-settings=\"{&quot;default_state&quot;:&quot;all_collapsed&quot;,&quot;max_items_expended&quot;:&quot;one&quot;,&quot;n_accordion_animation_duration&quot;:{&quot;unit&quot;:&quot;ms&quot;,&quot;size&quot;:400,&quot;sizes&quot;:[]}}\" data-widget_type=\"nested-accordion.default\">\n\t\t\t\t\t\t\t<div class=\"e-n-accordion\" aria-label=\"Accordion. Open links with Enter or Space, close with Escape, and navigate with Arrow Keys\">\n\t\t\t\t\t\t<details id=\"e-n-accordion-item-7740\" class=\"e-n-accordion-item\" >\n\t\t\t\t<summary class=\"e-n-accordion-item-title\" data-accordion-index=\"1\" tabindex=\"0\" aria-expanded=\"false\" aria-controls=\"e-n-accordion-item-7740\" >\n\t\t\t\t\t<span class='e-n-accordion-item-title-header'><div class=\"e-n-accordion-item-title-text\"> Show more <\/div><\/span>\n\t\t\t\t\t\t\t<span class='e-n-accordion-item-title-icon'>\n\t\t\t<span class='e-opened' ><i aria-hidden=\"true\" class=\"icon icon-up-arrow1\"><\/i><\/span>\n\t\t\t<span class='e-closed'><i aria-hidden=\"true\" class=\"icon icon-chevron-down\"><\/i><\/span>\n\t\t<\/span>\n\n\t\t\t\t\t\t<\/summary>\n\t\t\t\t<div role=\"region\" aria-labelledby=\"e-n-accordion-item-7740\" class=\"elementor-element elementor-element-2ab7db8 e-con-full e-flex e-con e-child\" data-id=\"2ab7db8\" data-element_type=\"container\" data-e-type=\"container\">\n\t\t\t\t<div class=\"elementor-element elementor-element-046f802 elementor-widget elementor-widget-text-editor\" data-id=\"046f802\" data-element_type=\"widget\" data-e-type=\"widget\" data-widget_type=\"text-editor.default\">\n\t\t\t\t\t\t\t\t\t<p data-start=\"83\" data-end=\"565\">Femi Otitoju is a trailblazer, a truth-teller, and one of those rare people who can challenge an entire room while making them laugh with her at the same time. Born in Nigeria and raised in the UK, she came out as a lesbian in the late 1970s and went on to become one of the first openly Black lesbian voices on British television, long before &#8220;representation&#8221; became a buzzword. Her journey began in activism: she co-founded the UK&#8217;s first Black lesbian group, volunteered for over a decade at the London Lesbian and Gay Switchboard, and threw herself into the feminist and LGBTQ+ movements of the 1980s with her characteristic energy and style. In 1988 she founded Challenge Consultancy and has since spent over three decades working at the highest levels of the media and creative industries to drive real change.   <\/p>\t\t\t\t\t\t\t\t<\/div>\n\t\t\t\t<\/div>\n\t\t\t\t\t<\/details>\n\t\t\t\t\t<\/div>\n\t\t\t\t\t\t<\/div>\n\t\t\t\t<\/div>\n\t\t<div class=\"elementor-element elementor-element-fe2b339 e-con-full e-flex e-con e-child\" data-id=\"fe2b339\" data-element_type=\"container\" data-e-type=\"container\">\n\t\t<div class=\"elementor-element elementor-element-ca2001e e-con-full e-flex e-con e-child\" data-id=\"ca2001e\" data-element_type=\"container\" data-e-type=\"container\">\n\t\t\t\t<div class=\"elementor-element elementor-element-deaf932 elementor-widget__width-initial elementor-widget elementor-widget-image\" data-id=\"deaf932\" data-element_type=\"widget\" data-e-type=\"widget\" data-widget_type=\"image.default\">\n\t\t\t\t\t\t\t\t\t\t\t\t\t\t\t<img loading=\"lazy\" decoding=\"async\" width=\"720\" height=\"720\" src=\"https:\/\/equalityinfilm.org\/wp-content\/uploads\/2026\/04\/SALIMA-JIRARI.jpg\" class=\"attachment-large size-large wp-image-2476\" alt=\"\" srcset=\"https:\/\/equalityinfilm.org\/wp-content\/uploads\/2026\/04\/SALIMA-JIRARI.jpg 720w, https:\/\/equalityinfilm.org\/wp-content\/uploads\/2026\/04\/SALIMA-JIRARI-300x300.jpg 300w, https:\/\/equalityinfilm.org\/wp-content\/uploads\/2026\/04\/SALIMA-JIRARI-150x150.jpg 150w\" sizes=\"(max-width: 720px) 100vw, 720px\" \/>\t\t\t\t\t\t\t\t\t\t\t\t\t\t\t<\/div>\n\t\t\t\t<div class=\"elementor-element elementor-element-d778eda elementor-widget elementor-widget-heading\" data-id=\"d778eda\" data-element_type=\"widget\" data-e-type=\"widget\" data-widget_type=\"heading.default\">\n\t\t\t\t\t<h2 class=\"elementor-heading-title elementor-size-default\">Salima Jirari<\/h2>\t\t\t\t<\/div>\n\t\t\t\t<div class=\"elementor-element elementor-element-c45acfb elementor-widget elementor-widget-text-editor\" data-id=\"c45acfb\" data-element_type=\"widget\" data-e-type=\"widget\" data-widget_type=\"text-editor.default\">\n\t\t\t\t\t\t\t\t\t<p>Diversity content consultant <strong>(Spain)<\/strong><\/p>\t\t\t\t\t\t\t\t<\/div>\n\t\t\t\t<\/div>\n\t\t\t\t<div class=\"elementor-element elementor-element-1951136 elementor-widget elementor-widget-n-accordion\" data-id=\"1951136\" data-element_type=\"widget\" data-e-type=\"widget\" data-settings=\"{&quot;default_state&quot;:&quot;all_collapsed&quot;,&quot;max_items_expended&quot;:&quot;one&quot;,&quot;n_accordion_animation_duration&quot;:{&quot;unit&quot;:&quot;ms&quot;,&quot;size&quot;:400,&quot;sizes&quot;:[]}}\" data-widget_type=\"nested-accordion.default\">\n\t\t\t\t\t\t\t<div class=\"e-n-accordion\" aria-label=\"Accordion. Open links with Enter or Space, close with Escape, and navigate with Arrow Keys\">\n\t\t\t\t\t\t<details id=\"e-n-accordion-item-2650\" class=\"e-n-accordion-item\" >\n\t\t\t\t<summary class=\"e-n-accordion-item-title\" data-accordion-index=\"1\" tabindex=\"0\" aria-expanded=\"false\" aria-controls=\"e-n-accordion-item-2650\" >\n\t\t\t\t\t<span class='e-n-accordion-item-title-header'><div class=\"e-n-accordion-item-title-text\"> Show more <\/div><\/span>\n\t\t\t\t\t\t\t<span class='e-n-accordion-item-title-icon'>\n\t\t\t<span class='e-opened' ><i aria-hidden=\"true\" class=\"icon icon-up-arrow1\"><\/i><\/span>\n\t\t\t<span class='e-closed'><i aria-hidden=\"true\" class=\"icon icon-chevron-down\"><\/i><\/span>\n\t\t<\/span>\n\n\t\t\t\t\t\t<\/summary>\n\t\t\t\t<div role=\"region\" aria-labelledby=\"e-n-accordion-item-2650\" class=\"elementor-element elementor-element-3a33b96 e-con-full e-flex e-con e-child\" data-id=\"3a33b96\" data-element_type=\"container\" data-e-type=\"container\">\n\t\t\t\t<div class=\"elementor-element elementor-element-ed5d6f9 elementor-widget elementor-widget-text-editor\" data-id=\"ed5d6f9\" data-element_type=\"widget\" data-e-type=\"widget\" data-widget_type=\"text-editor.default\">\n\t\t\t\t\t\t\t\t\t<p>Salima Jirari is a content development consultant specializing in diversity representation. She has worked with various production companies and organizations in the sector, advising on representation in projects in development such as Distinto Films, Fasten Films, Nocturna, Edna Cinema, Inicia Films, S\u00e9tima and Alba Sotorra, among others. <\/p><p>She participates in several programs and labs promoted by Netflix, DAMA, the Spanish Film Academy, CCCB, Dones Visuals, Proim\u00e1genes Colombia, the San Sebasti\u00e1n Film Festival and Coofilm, where she advises participating projects and leads workshops on unconscious bias in the creative process.<\/p><p>She also teaches courses on diversity and gender perspective in audiovisual narrative and has worked with institutions such as Universitat Pompeu Fabra, Universitat Jaume I, Universitat de Barcelona, Universitat de Girona, Blanquerna \u2013 Universitat Ramon Llull and ECIB \u2013 Escola de Cinema de Barcelona, as well as with the Creative Writing Master&#8217;s program at Laboratori de Lletres.<br\/>With 15 years of experience in different areas of the industry, she has worked as head of distribution and programming at DocsBarcelona, acquisitions executive at Selecta Visi\u00f3n and head of communications and promotion at the Barcelona Catalunya Film Commission.<\/p>\t\t\t\t\t\t\t\t<\/div>\n\t\t\t\t<\/div>\n\t\t\t\t\t<\/details>\n\t\t\t\t\t<\/div>\n\t\t\t\t\t\t<\/div>\n\t\t\t\t<\/div>\n\t\t<div class=\"elementor-element elementor-element-2259d90 e-con-full e-flex e-con e-child\" data-id=\"2259d90\" data-element_type=\"container\" data-e-type=\"container\">\n\t\t<div class=\"elementor-element elementor-element-61af065 e-con-full e-flex e-con e-child\" data-id=\"61af065\" data-element_type=\"container\" data-e-type=\"container\">\n\t\t\t\t<div class=\"elementor-element elementor-element-5e50ebf elementor-widget__width-initial elementor-widget elementor-widget-image\" data-id=\"5e50ebf\" data-element_type=\"widget\" data-e-type=\"widget\" data-widget_type=\"image.default\">\n\t\t\t\t\t\t\t\t\t\t\t\t\t\t\t<img loading=\"lazy\" decoding=\"async\" width=\"450\" height=\"450\" src=\"https:\/\/equalityinfilm.org\/wp-content\/uploads\/2026\/04\/Melanie_Iredale.jpg\" class=\"attachment-large size-large wp-image-2477\" alt=\"\" srcset=\"https:\/\/equalityinfilm.org\/wp-content\/uploads\/2026\/04\/Melanie_Iredale.jpg 450w, https:\/\/equalityinfilm.org\/wp-content\/uploads\/2026\/04\/Melanie_Iredale-300x300.jpg 300w, https:\/\/equalityinfilm.org\/wp-content\/uploads\/2026\/04\/Melanie_Iredale-150x150.jpg 150w\" sizes=\"(max-width: 450px) 100vw, 450px\" \/>\t\t\t\t\t\t\t\t\t\t\t\t\t\t\t<\/div>\n\t\t\t\t<div class=\"elementor-element elementor-element-b94986e elementor-widget elementor-widget-heading\" data-id=\"b94986e\" data-element_type=\"widget\" data-e-type=\"widget\" data-widget_type=\"heading.default\">\n\t\t\t\t\t<h2 class=\"elementor-heading-title elementor-size-default\">Melanie Iredale<\/h2>\t\t\t\t<\/div>\n\t\t\t\t<div class=\"elementor-element elementor-element-62bfa88 elementor-widget elementor-widget-text-editor\" data-id=\"62bfa88\" data-element_type=\"widget\" data-e-type=\"widget\" data-widget_type=\"text-editor.default\">\n\t\t\t\t\t\t\t\t\t<p>Director of Reclaim the Frame <strong>(UK)<\/strong><\/p>\t\t\t\t\t\t\t\t<\/div>\n\t\t\t\t<\/div>\n\t\t\t\t<div class=\"elementor-element elementor-element-76acb78 elementor-widget elementor-widget-n-accordion\" data-id=\"76acb78\" data-element_type=\"widget\" data-e-type=\"widget\" data-settings=\"{&quot;default_state&quot;:&quot;all_collapsed&quot;,&quot;max_items_expended&quot;:&quot;one&quot;,&quot;n_accordion_animation_duration&quot;:{&quot;unit&quot;:&quot;ms&quot;,&quot;size&quot;:400,&quot;sizes&quot;:[]}}\" data-widget_type=\"nested-accordion.default\">\n\t\t\t\t\t\t\t<div class=\"e-n-accordion\" aria-label=\"Accordion. Open links with Enter or Space, close with Escape, and navigate with Arrow Keys\">\n\t\t\t\t\t\t<details id=\"e-n-accordion-item-1240\" class=\"e-n-accordion-item\" >\n\t\t\t\t<summary class=\"e-n-accordion-item-title\" data-accordion-index=\"1\" tabindex=\"0\" aria-expanded=\"false\" aria-controls=\"e-n-accordion-item-1240\" >\n\t\t\t\t\t<span class='e-n-accordion-item-title-header'><div class=\"e-n-accordion-item-title-text\"> Show more <\/div><\/span>\n\t\t\t\t\t\t\t<span class='e-n-accordion-item-title-icon'>\n\t\t\t<span class='e-opened' ><i aria-hidden=\"true\" class=\"icon icon-up-arrow1\"><\/i><\/span>\n\t\t\t<span class='e-closed'><i aria-hidden=\"true\" class=\"icon icon-chevron-down\"><\/i><\/span>\n\t\t<\/span>\n\n\t\t\t\t\t\t<\/summary>\n\t\t\t\t<div role=\"region\" aria-labelledby=\"e-n-accordion-item-1240\" class=\"elementor-element elementor-element-d088c15 e-con-full e-flex e-con e-child\" data-id=\"d088c15\" data-element_type=\"container\" data-e-type=\"container\">\n\t\t\t\t<div class=\"elementor-element elementor-element-30d0948 elementor-widget elementor-widget-text-editor\" data-id=\"30d0948\" data-element_type=\"widget\" data-e-type=\"widget\" data-widget_type=\"text-editor.default\">\n\t\t\t\t\t\t\t\t\t<p>Melanie Iredale is a UK-based talent and audience development strategist, recognized for her leadership in documentary and non-fiction film, as well as her commitment to equity in the film industry. She was Interim Director of Sheffield Doc\/Fest in 2018, having previously held the positions of Deputy Director (2014-2021) and Development Consultant (since 2010), where she helped shape its direction, expanding interactive programs and co-programming the Rhyme &#038; Rhythm section. <\/p><p>She currently leads Reclaim The Frame, formerly known as Birds&#8217; Eye View Film Festival, where she champions underrepresented gender voices and creates more inclusive film spaces through screenings, training and advocacy.<\/p><p>Previously, she directed the Berwick Film &#038; Media Arts Festival (2009-2014), where she commissioned innovative audiovisual works that toured internationally and gained recognition at festivals such as the International Film Festival Rotterdam.<\/p><p>She has served on major international juries, including the Teddy Awards at the Berlin International Film Festival, and was executive producer of Rebel Dykes, a documentary connecting queer and activist communities worldwide.<\/p>\t\t\t\t\t\t\t\t<\/div>\n\t\t\t\t<\/div>\n\t\t\t\t\t<\/details>\n\t\t\t\t\t<\/div>\n\t\t\t\t\t\t<\/div>\n\t\t\t\t<\/div>\n\t\t<div class=\"elementor-element elementor-element-137fd00 e-con-full e-flex e-con e-child\" data-id=\"137fd00\" data-element_type=\"container\" data-e-type=\"container\">\n\t\t<div class=\"elementor-element elementor-element-c57c3b9 e-con-full e-flex e-con e-child\" data-id=\"c57c3b9\" data-element_type=\"container\" data-e-type=\"container\">\n\t\t\t\t<div class=\"elementor-element elementor-element-1bcd866 elementor-widget__width-initial elementor-widget elementor-widget-image\" data-id=\"1bcd866\" data-element_type=\"widget\" data-e-type=\"widget\" data-widget_type=\"image.default\">\n\t\t\t\t\t\t\t\t\t\t\t\t\t\t\t<img loading=\"lazy\" decoding=\"async\" width=\"1024\" height=\"1024\" src=\"https:\/\/equalityinfilm.org\/wp-content\/uploads\/2026\/04\/Gerylee_Polanco-1024x1024.jpg\" class=\"attachment-large size-large wp-image-2478\" alt=\"\" srcset=\"https:\/\/equalityinfilm.org\/wp-content\/uploads\/2026\/04\/Gerylee_Polanco-1024x1024.jpg 1024w, https:\/\/equalityinfilm.org\/wp-content\/uploads\/2026\/04\/Gerylee_Polanco-300x300.jpg 300w, https:\/\/equalityinfilm.org\/wp-content\/uploads\/2026\/04\/Gerylee_Polanco-150x150.jpg 150w, https:\/\/equalityinfilm.org\/wp-content\/uploads\/2026\/04\/Gerylee_Polanco-768x768.jpg 768w, https:\/\/equalityinfilm.org\/wp-content\/uploads\/2026\/04\/Gerylee_Polanco-1536x1536.jpg 1536w, https:\/\/equalityinfilm.org\/wp-content\/uploads\/2026\/04\/Gerylee_Polanco-2048x2048.jpg 2048w\" sizes=\"(max-width: 1024px) 100vw, 1024px\" \/>\t\t\t\t\t\t\t\t\t\t\t\t\t\t\t<\/div>\n\t\t\t\t<div class=\"elementor-element elementor-element-0bc3086 elementor-widget elementor-widget-heading\" data-id=\"0bc3086\" data-element_type=\"widget\" data-e-type=\"widget\" data-widget_type=\"heading.default\">\n\t\t\t\t\t<h2 class=\"elementor-heading-title elementor-size-default\">Gerylee Polanco<\/h2>\t\t\t\t<\/div>\n\t\t\t\t<div class=\"elementor-element elementor-element-a2bfae9 elementor-widget elementor-widget-text-editor\" data-id=\"a2bfae9\" data-element_type=\"widget\" data-e-type=\"widget\" data-widget_type=\"text-editor.default\">\n\t\t\t\t\t\t\t\t\t<p>Feminist filmmaker \/ director at Killary CineLab <strong>(Colombia)<\/strong><\/p>\t\t\t\t\t\t\t\t<\/div>\n\t\t\t\t<\/div>\n\t\t\t\t<div class=\"elementor-element elementor-element-5d65edf elementor-widget elementor-widget-n-accordion\" data-id=\"5d65edf\" data-element_type=\"widget\" data-e-type=\"widget\" data-settings=\"{&quot;default_state&quot;:&quot;all_collapsed&quot;,&quot;max_items_expended&quot;:&quot;one&quot;,&quot;n_accordion_animation_duration&quot;:{&quot;unit&quot;:&quot;ms&quot;,&quot;size&quot;:400,&quot;sizes&quot;:[]}}\" data-widget_type=\"nested-accordion.default\">\n\t\t\t\t\t\t\t<div class=\"e-n-accordion\" aria-label=\"Accordion. Open links with Enter or Space, close with Escape, and navigate with Arrow Keys\">\n\t\t\t\t\t\t<details id=\"e-n-accordion-item-9790\" class=\"e-n-accordion-item\" >\n\t\t\t\t<summary class=\"e-n-accordion-item-title\" data-accordion-index=\"1\" tabindex=\"0\" aria-expanded=\"false\" aria-controls=\"e-n-accordion-item-9790\" >\n\t\t\t\t\t<span class='e-n-accordion-item-title-header'><div class=\"e-n-accordion-item-title-text\"> Show more <\/div><\/span>\n\t\t\t\t\t\t\t<span class='e-n-accordion-item-title-icon'>\n\t\t\t<span class='e-opened' ><i aria-hidden=\"true\" class=\"icon icon-up-arrow1\"><\/i><\/span>\n\t\t\t<span class='e-closed'><i aria-hidden=\"true\" class=\"icon icon-chevron-down\"><\/i><\/span>\n\t\t<\/span>\n\n\t\t\t\t\t\t<\/summary>\n\t\t\t\t<div role=\"region\" aria-labelledby=\"e-n-accordion-item-9790\" class=\"elementor-element elementor-element-2a327eb e-con-full e-flex e-con e-child\" data-id=\"2a327eb\" data-element_type=\"container\" data-e-type=\"container\">\n\t\t\t\t<div class=\"elementor-element elementor-element-cd1a50b elementor-widget elementor-widget-text-editor\" data-id=\"cd1a50b\" data-element_type=\"widget\" data-e-type=\"widget\" data-widget_type=\"text-editor.default\">\n\t\t\t\t\t\t\t\t\t<p>Gerylee Polanco Uribe is a key figure in the cultural management of contemporary Colombian cinema, with over 22 years of experience in production, education and audiovisual research. She is founder and director of Killary CineLab, a pioneering initiative that promotes women filmmakers through training, research and visibility, and leads innovative studies on gender gaps in Colombian cinema. <\/p><p>She has produced nine Colombian feature films, including El vuelco del cangrejo, La sirga, Los hongos, Siembra, Tormentero and La Marcha del Hambre, contributing to the international visibility of Cali and Colombian cinema. Through her production company OjoAgua Cine, she is currently developing three new film projects. <\/p><p>Her curatorial experience includes five years directing the Cinematheque at Museo La Tertulia, and since 2023 she has been Director of the Cali International Film Festival. She also works at the Cali Secretary of Culture, contributing to audiovisual public policy. <\/p><p>Gerylee is a university professor and production advisor. She has received the &#8220;Hero of Progress&#8221; (2018) and &#8220;Transformative Woman&#8221; (2019) awards, and was recognized as Distinguished Alumna by Universidad del Valle. <\/p>\t\t\t\t\t\t\t\t<\/div>\n\t\t\t\t<\/div>\n\t\t\t\t\t<\/details>\n\t\t\t\t\t<\/div>\n\t\t\t\t\t\t<\/div>\n\t\t\t\t<\/div>\n\t\t<div class=\"elementor-element elementor-element-c05f82d e-con-full e-flex e-con e-child\" data-id=\"c05f82d\" data-element_type=\"container\" data-e-type=\"container\">\n\t\t<div class=\"elementor-element elementor-element-d14c857 e-con-full e-flex e-con e-child\" data-id=\"d14c857\" data-element_type=\"container\" data-e-type=\"container\">\n\t\t\t\t<div class=\"elementor-element elementor-element-1173561 elementor-widget__width-initial elementor-widget elementor-widget-image\" data-id=\"1173561\" data-element_type=\"widget\" data-e-type=\"widget\" data-widget_type=\"image.default\">\n\t\t\t\t\t\t\t\t\t\t\t\t\t\t\t<img loading=\"lazy\" decoding=\"async\" width=\"900\" height=\"900\" src=\"https:\/\/equalityinfilm.org\/wp-content\/uploads\/2026\/04\/Lee_Meyerhoff_ok.jpg\" class=\"attachment-large size-large wp-image-2479\" alt=\"\" srcset=\"https:\/\/equalityinfilm.org\/wp-content\/uploads\/2026\/04\/Lee_Meyerhoff_ok.jpg 900w, https:\/\/equalityinfilm.org\/wp-content\/uploads\/2026\/04\/Lee_Meyerhoff_ok-300x300.jpg 300w, https:\/\/equalityinfilm.org\/wp-content\/uploads\/2026\/04\/Lee_Meyerhoff_ok-150x150.jpg 150w, https:\/\/equalityinfilm.org\/wp-content\/uploads\/2026\/04\/Lee_Meyerhoff_ok-768x768.jpg 768w\" sizes=\"(max-width: 900px) 100vw, 900px\" \/>\t\t\t\t\t\t\t\t\t\t\t\t\t\t\t<\/div>\n\t\t\t\t<div class=\"elementor-element elementor-element-c317ba2 elementor-widget elementor-widget-heading\" data-id=\"c317ba2\" data-element_type=\"widget\" data-e-type=\"widget\" data-widget_type=\"heading.default\">\n\t\t\t\t\t<h2 class=\"elementor-heading-title elementor-size-default\">Lee Meyerhoff <\/h2>\t\t\t\t<\/div>\n\t\t\t\t<div class=\"elementor-element elementor-element-212921f elementor-widget elementor-widget-text-editor\" data-id=\"212921f\" data-element_type=\"widget\" data-e-type=\"widget\" data-widget_type=\"text-editor.default\">\n\t\t\t\t\t\t\t\t\t<p>Founder of Film Fatales <strong>(USA)<\/strong><\/p>\t\t\t\t\t\t\t\t<\/div>\n\t\t\t\t<\/div>\n\t\t\t\t<div class=\"elementor-element elementor-element-0a57351 elementor-widget elementor-widget-n-accordion\" data-id=\"0a57351\" data-element_type=\"widget\" data-e-type=\"widget\" data-settings=\"{&quot;default_state&quot;:&quot;all_collapsed&quot;,&quot;max_items_expended&quot;:&quot;one&quot;,&quot;n_accordion_animation_duration&quot;:{&quot;unit&quot;:&quot;ms&quot;,&quot;size&quot;:400,&quot;sizes&quot;:[]}}\" data-widget_type=\"nested-accordion.default\">\n\t\t\t\t\t\t\t<div class=\"e-n-accordion\" aria-label=\"Accordion. Open links with Enter or Space, close with Escape, and navigate with Arrow Keys\">\n\t\t\t\t\t\t<details id=\"e-n-accordion-item-1080\" class=\"e-n-accordion-item\" >\n\t\t\t\t<summary class=\"e-n-accordion-item-title\" data-accordion-index=\"1\" tabindex=\"0\" aria-expanded=\"false\" aria-controls=\"e-n-accordion-item-1080\" >\n\t\t\t\t\t<span class='e-n-accordion-item-title-header'><div class=\"e-n-accordion-item-title-text\"> Show more <\/div><\/span>\n\t\t\t\t\t\t\t<span class='e-n-accordion-item-title-icon'>\n\t\t\t<span class='e-opened' ><i aria-hidden=\"true\" class=\"icon icon-up-arrow1\"><\/i><\/span>\n\t\t\t<span class='e-closed'><i aria-hidden=\"true\" class=\"icon icon-chevron-down\"><\/i><\/span>\n\t\t<\/span>\n\n\t\t\t\t\t\t<\/summary>\n\t\t\t\t<div role=\"region\" aria-labelledby=\"e-n-accordion-item-1080\" class=\"elementor-element elementor-element-e8291ce e-con-full e-flex e-con e-child\" data-id=\"e8291ce\" data-element_type=\"container\" data-e-type=\"container\">\n\t\t\t\t<div class=\"elementor-element elementor-element-6f5b7f3 elementor-widget elementor-widget-text-editor\" data-id=\"6f5b7f3\" data-element_type=\"widget\" data-e-type=\"widget\" data-widget_type=\"text-editor.default\">\n\t\t\t\t\t\t\t\t\t<p>Lee Meyerhoff is the founder of Film Fatales, a pioneering nonprofit organization and global community dedicated to advancing equality in the film industry and supporting filmmakers from marginalized genders through advocacy, artistic development and community building. Through Film Fatales, Lee has become a leading voice in the fight against exclusion and the expansion of representation both in front of and behind the camera. <\/p><p>In addition to her advocacy work, Lee is an award-winning independent filmmaker whose debut feature, I Believe in Unicorns, premiered at South by Southwest and won the Grand Jury Prize at the Atlanta Film Festival, also receiving recognition from major industry platforms and festivals. Her films have screened at over 200 festivals worldwide and aired on IFC, PBS and MTV. <\/p><p>As a Tribeca All Access Labs and IFP Narrative Labs fellow, Lee combines creative practice with activism to advance more inclusive narratives. She holds degrees from Brown University and New York University&#8217;s Tisch School of the Arts. <\/p>\t\t\t\t\t\t\t\t<\/div>\n\t\t\t\t<\/div>\n\t\t\t\t\t<\/details>\n\t\t\t\t\t<\/div>\n\t\t\t\t\t\t<\/div>\n\t\t\t\t<\/div>\n\t\t\t\t<\/div>\n\t\t\t\t<div class=\"elementor-element elementor-element-2953398 elementor-widget elementor-widget-heading\" data-id=\"2953398\" data-element_type=\"widget\" data-e-type=\"widget\" data-widget_type=\"heading.default\">\n\t\t\t\t\t<h4 class=\"elementor-heading-title elementor-size-default\">MAY 7, 2026<\/h4>\t\t\t\t<\/div>\n\t\t\t\t<div class=\"elementor-element elementor-element-07e7420 elementor-widget-divider--view-line elementor-widget elementor-widget-divider\" data-id=\"07e7420\" data-element_type=\"widget\" data-e-type=\"widget\" data-widget_type=\"divider.default\">\n\t\t\t\t\t\t\t<div class=\"elementor-divider\">\n\t\t\t<span class=\"elementor-divider-separator\">\n\t\t\t\t\t\t<\/span>\n\t\t<\/div>\n\t\t\t\t\t\t<\/div>\n\t\t\t\t<div class=\"elementor-element elementor-element-9ac94bc elementor-widget elementor-widget-text-editor\" data-id=\"9ac94bc\" data-element_type=\"widget\" data-e-type=\"widget\" data-widget_type=\"text-editor.default\">\n\t\t\t\t\t\t\t\t\t<p><b>17:00<\/b><b><br><\/b> Welcome speech by CIMA. Brief recap of the previous day. <\/p><p><b>5:05 PM \u2013 6:30 PM<\/b><b><br\/><\/b> <b>Panel discussion: Breaking the silence: sexual violence and abuse of power in the film industry<\/b><\/p><p>How can the film industry create safer work environments? This session examines research, protocols, and initiatives addressing sexual violence and abuses of power in film production. Drawing on experiences from different countries, the discussion aims to identify concrete steps toward a more accountable and violence-free industry.  <\/p>\t\t\t\t\t\t\t\t<\/div>\n\t\t<div class=\"elementor-element elementor-element-ccdafe2 e-con-full e-flex e-con e-child\" data-id=\"ccdafe2\" data-element_type=\"container\" data-e-type=\"container\">\n\t\t<div class=\"elementor-element elementor-element-b9838fb e-con-full e-flex e-con e-child\" data-id=\"b9838fb\" data-element_type=\"container\" data-e-type=\"container\">\n\t\t<div class=\"elementor-element elementor-element-029fbed e-con-full e-flex e-con e-child\" data-id=\"029fbed\" data-element_type=\"container\" data-e-type=\"container\">\n\t\t\t\t<div class=\"elementor-element elementor-element-04f4539 elementor-widget__width-initial elementor-widget elementor-widget-image\" data-id=\"04f4539\" data-element_type=\"widget\" data-e-type=\"widget\" data-widget_type=\"image.default\">\n\t\t\t\t\t\t\t\t\t\t\t\t\t\t\t<img loading=\"lazy\" decoding=\"async\" width=\"919\" height=\"919\" src=\"https:\/\/equalityinfilm.org\/wp-content\/uploads\/2026\/04\/Elli-Mastorou.jpg\" class=\"attachment-large size-large wp-image-2480\" alt=\"\" srcset=\"https:\/\/equalityinfilm.org\/wp-content\/uploads\/2026\/04\/Elli-Mastorou.jpg 919w, https:\/\/equalityinfilm.org\/wp-content\/uploads\/2026\/04\/Elli-Mastorou-300x300.jpg 300w, https:\/\/equalityinfilm.org\/wp-content\/uploads\/2026\/04\/Elli-Mastorou-150x150.jpg 150w, https:\/\/equalityinfilm.org\/wp-content\/uploads\/2026\/04\/Elli-Mastorou-768x768.jpg 768w\" sizes=\"(max-width: 919px) 100vw, 919px\" \/>\t\t\t\t\t\t\t\t\t\t\t\t\t\t\t<\/div>\n\t\t\t\t<div class=\"elementor-element elementor-element-8180a7d elementor-widget elementor-widget-heading\" data-id=\"8180a7d\" data-element_type=\"widget\" data-e-type=\"widget\" data-widget_type=\"heading.default\">\n\t\t\t\t\t<h2 class=\"elementor-heading-title elementor-size-default\">Elli Mastorou (Moderator)<\/h2>\t\t\t\t<\/div>\n\t\t\t\t<div class=\"elementor-element elementor-element-c61fd80 elementor-widget elementor-widget-text-editor\" data-id=\"c61fd80\" data-element_type=\"widget\" data-e-type=\"widget\" data-widget_type=\"text-editor.default\">\n\t\t\t\t\t\t\t\t\t<p>Film Critic and journalist \/ Elles Font des Films <strong>(Belgium)<\/strong><\/p>\t\t\t\t\t\t\t\t<\/div>\n\t\t\t\t<\/div>\n\t\t\t\t<div class=\"elementor-element elementor-element-68375d8 elementor-widget elementor-widget-n-accordion\" data-id=\"68375d8\" data-element_type=\"widget\" data-e-type=\"widget\" data-settings=\"{&quot;default_state&quot;:&quot;all_collapsed&quot;,&quot;max_items_expended&quot;:&quot;one&quot;,&quot;n_accordion_animation_duration&quot;:{&quot;unit&quot;:&quot;ms&quot;,&quot;size&quot;:400,&quot;sizes&quot;:[]}}\" data-widget_type=\"nested-accordion.default\">\n\t\t\t\t\t\t\t<div class=\"e-n-accordion\" aria-label=\"Accordion. Open links with Enter or Space, close with Escape, and navigate with Arrow Keys\">\n\t\t\t\t\t\t<details id=\"e-n-accordion-item-1090\" class=\"e-n-accordion-item\" >\n\t\t\t\t<summary class=\"e-n-accordion-item-title\" data-accordion-index=\"1\" tabindex=\"0\" aria-expanded=\"false\" aria-controls=\"e-n-accordion-item-1090\" >\n\t\t\t\t\t<span class='e-n-accordion-item-title-header'><div class=\"e-n-accordion-item-title-text\"> Show more <\/div><\/span>\n\t\t\t\t\t\t\t<span class='e-n-accordion-item-title-icon'>\n\t\t\t<span class='e-opened' ><i aria-hidden=\"true\" class=\"icon icon-up-arrow1\"><\/i><\/span>\n\t\t\t<span class='e-closed'><i aria-hidden=\"true\" class=\"icon icon-chevron-down\"><\/i><\/span>\n\t\t<\/span>\n\n\t\t\t\t\t\t<\/summary>\n\t\t\t\t<div role=\"region\" aria-labelledby=\"e-n-accordion-item-1090\" class=\"elementor-element elementor-element-a911609 e-con-full e-flex e-con e-child\" data-id=\"a911609\" data-element_type=\"container\" data-e-type=\"container\">\n\t\t\t\t<div class=\"elementor-element elementor-element-8b6f960 elementor-widget elementor-widget-text-editor\" data-id=\"8b6f960\" data-element_type=\"widget\" data-e-type=\"widget\" data-widget_type=\"text-editor.default\">\n\t\t\t\t\t\t\t\t\t<p>Elli Mastorou is a film critic, journalist and programmer, working between Brussels and Athens. Born in Athens and raised in Brussels, she studied Art History and Film Theory at the Free University of Brussels and Paris Nanterre University. Since 2012, she has worked as an independent film critic for print, web, television and radio, collaborating with outlets such as RTBF, Marie Claire Belgique and LN24, covering both film releases and major international festivals.  <\/p><p>From 2020 to 2025, she was part of the programming team at the Love International Film Festival in Mons. Since 2021, she has chaired the Belgian Film Press Union, the national section of FIPRESCI, becoming the first woman to lead the organization. She has served as a juror at festivals such as Cannes, BAFICI and Thessaloniki.  <\/p><p>A member of Elles Font Des Films, Elli Mastorou combines critical practice with a strong commitment to diversity, representation and a more inclusive film culture.<\/p>\t\t\t\t\t\t\t\t<\/div>\n\t\t\t\t<\/div>\n\t\t\t\t\t<\/details>\n\t\t\t\t\t<\/div>\n\t\t\t\t\t\t<\/div>\n\t\t\t\t<\/div>\n\t\t<div class=\"elementor-element elementor-element-8db86d4 e-con-full e-flex e-con e-child\" data-id=\"8db86d4\" data-element_type=\"container\" data-e-type=\"container\">\n\t\t<div class=\"elementor-element elementor-element-8e5e2df e-con-full e-flex e-con e-child\" data-id=\"8e5e2df\" data-element_type=\"container\" data-e-type=\"container\">\n\t\t\t\t<div class=\"elementor-element elementor-element-014e369 elementor-widget__width-initial elementor-widget elementor-widget-image\" data-id=\"014e369\" data-element_type=\"widget\" data-e-type=\"widget\" data-widget_type=\"image.default\">\n\t\t\t\t\t\t\t\t\t\t\t\t\t\t\t<img loading=\"lazy\" decoding=\"async\" width=\"1024\" height=\"1024\" src=\"https:\/\/equalityinfilm.org\/wp-content\/uploads\/2026\/04\/Almudena-Carracedo-\u00a9nanigutierrez-COLOR-1024x1024.jpg\" class=\"attachment-large size-large wp-image-2481\" alt=\"\" srcset=\"https:\/\/equalityinfilm.org\/wp-content\/uploads\/2026\/04\/Almudena-Carracedo-\u00a9nanigutierrez-COLOR-1024x1024.jpg 1024w, https:\/\/equalityinfilm.org\/wp-content\/uploads\/2026\/04\/Almudena-Carracedo-\u00a9nanigutierrez-COLOR-300x300.jpg 300w, https:\/\/equalityinfilm.org\/wp-content\/uploads\/2026\/04\/Almudena-Carracedo-\u00a9nanigutierrez-COLOR-150x150.jpg 150w, https:\/\/equalityinfilm.org\/wp-content\/uploads\/2026\/04\/Almudena-Carracedo-\u00a9nanigutierrez-COLOR-768x768.jpg 768w, https:\/\/equalityinfilm.org\/wp-content\/uploads\/2026\/04\/Almudena-Carracedo-\u00a9nanigutierrez-COLOR-1536x1536.jpg 1536w, https:\/\/equalityinfilm.org\/wp-content\/uploads\/2026\/04\/Almudena-Carracedo-\u00a9nanigutierrez-COLOR.jpg 1930w\" sizes=\"(max-width: 1024px) 100vw, 1024px\" \/>\t\t\t\t\t\t\t\t\t\t\t\t\t\t\t<\/div>\n\t\t\t\t<div class=\"elementor-element elementor-element-d5e9720 elementor-widget elementor-widget-heading\" data-id=\"d5e9720\" data-element_type=\"widget\" data-e-type=\"widget\" data-widget_type=\"heading.default\">\n\t\t\t\t\t<h2 class=\"elementor-heading-title elementor-size-default\">Almudena Carracedo<\/h2>\t\t\t\t<\/div>\n\t\t\t\t<div class=\"elementor-element elementor-element-c1fc1ab elementor-widget elementor-widget-text-editor\" data-id=\"c1fc1ab\" data-element_type=\"widget\" data-e-type=\"widget\" data-widget_type=\"text-editor.default\">\n\t\t\t\t\t\t\t\t\t<p>Documentary Filmmaker. Coordinator of CIMA&#8217;s report &#8216;After the Silence&#8217; on sexual violence in film <strong>(Spain)<\/strong> <\/p>\t\t\t\t\t\t\t\t<\/div>\n\t\t\t\t<\/div>\n\t\t\t\t<div class=\"elementor-element elementor-element-ded27ca elementor-widget elementor-widget-n-accordion\" data-id=\"ded27ca\" data-element_type=\"widget\" data-e-type=\"widget\" data-settings=\"{&quot;default_state&quot;:&quot;all_collapsed&quot;,&quot;max_items_expended&quot;:&quot;one&quot;,&quot;n_accordion_animation_duration&quot;:{&quot;unit&quot;:&quot;ms&quot;,&quot;size&quot;:400,&quot;sizes&quot;:[]}}\" data-widget_type=\"nested-accordion.default\">\n\t\t\t\t\t\t\t<div class=\"e-n-accordion\" aria-label=\"Accordion. Open links with Enter or Space, close with Escape, and navigate with Arrow Keys\">\n\t\t\t\t\t\t<details id=\"e-n-accordion-item-2330\" class=\"e-n-accordion-item\" >\n\t\t\t\t<summary class=\"e-n-accordion-item-title\" data-accordion-index=\"1\" tabindex=\"0\" aria-expanded=\"false\" aria-controls=\"e-n-accordion-item-2330\" >\n\t\t\t\t\t<span class='e-n-accordion-item-title-header'><div class=\"e-n-accordion-item-title-text\"> Show more <\/div><\/span>\n\t\t\t\t\t\t\t<span class='e-n-accordion-item-title-icon'>\n\t\t\t<span class='e-opened' ><i aria-hidden=\"true\" class=\"icon icon-up-arrow1\"><\/i><\/span>\n\t\t\t<span class='e-closed'><i aria-hidden=\"true\" class=\"icon icon-chevron-down\"><\/i><\/span>\n\t\t<\/span>\n\n\t\t\t\t\t\t<\/summary>\n\t\t\t\t<div role=\"region\" aria-labelledby=\"e-n-accordion-item-2330\" class=\"elementor-element elementor-element-7e8f74c e-con-full e-flex e-con e-child\" data-id=\"7e8f74c\" data-element_type=\"container\" data-e-type=\"container\">\n\t\t\t\t<div class=\"elementor-element elementor-element-478578a elementor-widget elementor-widget-text-editor\" data-id=\"478578a\" data-element_type=\"widget\" data-e-type=\"widget\" data-widget_type=\"text-editor.default\">\n\t\t\t\t\t\t\t\t\t<p>Almudena Carracedo is an internationally renowned documentary filmmaker and producer whose work focuses on justice, memory and the fight against abuse of power. Her latest film, No est\u00e1s sola, produced by Lucernam Films in collaboration with Robert Bahar, became a global hit on Netflix, addressing sexual violence and institutional accountability through the landmark &#8220;La Manada&#8221; case. <\/p><p>She co-directed and produced The Silence of Others, a seven-year project about crimes from the Franco era, honored with over 40 international awards, including the Goya Award, two Emmy Awards and the Audience Award at the Berlin International Film Festival. Her debut feature, Made in L.A., also won an Emmy and highlighted the struggles of immigrant women workers. <\/p><p>Beyond filmmaking, Carracedo is actively involved in promoting safer practices in the industry. As a board member of CIMA, she has coordinated, edited and overseen the report &#8220;After the Silence,&#8221; a landmark study on sexual violence and abuse of power in the audiovisual sector, which she also presents and moderates at professional forums. <\/p><p>A Guggenheim Fellow and member of the Academy of Motion Picture Arts and Sciences, she teaches at New York University in Madrid and champions film as a tool for accountability and social change.<\/p>\t\t\t\t\t\t\t\t<\/div>\n\t\t\t\t<\/div>\n\t\t\t\t\t<\/details>\n\t\t\t\t\t<\/div>\n\t\t\t\t\t\t<\/div>\n\t\t\t\t<\/div>\n\t\t<div class=\"elementor-element elementor-element-64201aa e-con-full e-flex e-con e-child\" data-id=\"64201aa\" data-element_type=\"container\" data-e-type=\"container\">\n\t\t<div class=\"elementor-element elementor-element-f2229c0 e-con-full e-flex e-con e-child\" data-id=\"f2229c0\" data-element_type=\"container\" data-e-type=\"container\">\n\t\t\t\t<div class=\"elementor-element elementor-element-9489a0f elementor-widget__width-initial elementor-widget elementor-widget-image\" data-id=\"9489a0f\" data-element_type=\"widget\" data-e-type=\"widget\" data-widget_type=\"image.default\">\n\t\t\t\t\t\t\t\t\t\t\t\t\t\t\t<img loading=\"lazy\" decoding=\"async\" width=\"450\" height=\"450\" src=\"https:\/\/equalityinfilm.org\/wp-content\/uploads\/2026\/04\/Barbara_Rohm.jpeg\" class=\"attachment-large size-large wp-image-2482\" alt=\"\" srcset=\"https:\/\/equalityinfilm.org\/wp-content\/uploads\/2026\/04\/Barbara_Rohm.jpeg 450w, https:\/\/equalityinfilm.org\/wp-content\/uploads\/2026\/04\/Barbara_Rohm-300x300.jpeg 300w, https:\/\/equalityinfilm.org\/wp-content\/uploads\/2026\/04\/Barbara_Rohm-150x150.jpeg 150w\" sizes=\"(max-width: 450px) 100vw, 450px\" \/>\t\t\t\t\t\t\t\t\t\t\t\t\t\t\t<\/div>\n\t\t\t\t<div class=\"elementor-element elementor-element-c6a0c11 elementor-widget elementor-widget-heading\" data-id=\"c6a0c11\" data-element_type=\"widget\" data-e-type=\"widget\" data-widget_type=\"heading.default\">\n\t\t\t\t\t<h2 class=\"elementor-heading-title elementor-size-default\">Barbara Rohm<\/h2>\t\t\t\t<\/div>\n\t\t\t\t<div class=\"elementor-element elementor-element-b02a17b elementor-widget elementor-widget-text-editor\" data-id=\"b02a17b\" data-element_type=\"widget\" data-e-type=\"widget\" data-widget_type=\"text-editor.default\">\n\t\t\t\t\t\t\t\t\t<p>Co-founder of &#8220;Themis&#8221;, a counseling office addressing sexual harassment and violence in film \/ Chairwoman, Power to Transform! <strong>(<b>Germany<\/b>)<\/strong><\/p>\t\t\t\t\t\t\t\t<\/div>\n\t\t\t\t<\/div>\n\t\t\t\t<div class=\"elementor-element elementor-element-7f4e83d elementor-widget elementor-widget-n-accordion\" data-id=\"7f4e83d\" data-element_type=\"widget\" data-e-type=\"widget\" data-settings=\"{&quot;default_state&quot;:&quot;all_collapsed&quot;,&quot;max_items_expended&quot;:&quot;one&quot;,&quot;n_accordion_animation_duration&quot;:{&quot;unit&quot;:&quot;ms&quot;,&quot;size&quot;:400,&quot;sizes&quot;:[]}}\" data-widget_type=\"nested-accordion.default\">\n\t\t\t\t\t\t\t<div class=\"e-n-accordion\" aria-label=\"Accordion. Open links with Enter or Space, close with Escape, and navigate with Arrow Keys\">\n\t\t\t\t\t\t<details id=\"e-n-accordion-item-1330\" class=\"e-n-accordion-item\" >\n\t\t\t\t<summary class=\"e-n-accordion-item-title\" data-accordion-index=\"1\" tabindex=\"0\" aria-expanded=\"false\" aria-controls=\"e-n-accordion-item-1330\" >\n\t\t\t\t\t<span class='e-n-accordion-item-title-header'><div class=\"e-n-accordion-item-title-text\"> Show more <\/div><\/span>\n\t\t\t\t\t\t\t<span class='e-n-accordion-item-title-icon'>\n\t\t\t<span class='e-opened' ><i aria-hidden=\"true\" class=\"icon icon-up-arrow1\"><\/i><\/span>\n\t\t\t<span class='e-closed'><i aria-hidden=\"true\" class=\"icon icon-chevron-down\"><\/i><\/span>\n\t\t<\/span>\n\n\t\t\t\t\t\t<\/summary>\n\t\t\t\t<div role=\"region\" aria-labelledby=\"e-n-accordion-item-1330\" class=\"elementor-element elementor-element-f78602d e-con-full e-flex e-con e-child\" data-id=\"f78602d\" data-element_type=\"container\" data-e-type=\"container\">\n\t\t\t\t<div class=\"elementor-element elementor-element-5e49676 elementor-widget elementor-widget-text-editor\" data-id=\"5e49676\" data-element_type=\"widget\" data-e-type=\"widget\" data-widget_type=\"text-editor.default\">\n\t\t\t\t\t\t\t\t\t<p>Barbara Rohm is chairwoman of Power to Transform, where she actively advocates for gender equality and structural change in the film industry. A filmmaker, cultural strategist and activist, she is also founder of Culture Change Hub, which provides tools and expertise to promote safe, fair and dignified working environments. Her work focuses on cultural change, diversity, gender balance and intimacy representation on screen.  <\/p><p>Trained in directing at the University of Television and Film Munich, she has worked as a cinematographer and filmmaker. She is co-founder and former chairwoman of Pro Quote Film, a key initiative advocating for gender parity in German cinema. In response to the #MeToo movement, she co-founded &#8220;Themis,&#8221; an independent counseling office addressing sexual harassment and violence in the film, television and theater industries.  <\/p><p>An international speaker and consultant, she also teaches at institutions such as the Zurich University of the Arts and the Film University Babelsberg.<\/p>\t\t\t\t\t\t\t\t<\/div>\n\t\t\t\t<\/div>\n\t\t\t\t\t<\/details>\n\t\t\t\t\t<\/div>\n\t\t\t\t\t\t<\/div>\n\t\t\t\t<\/div>\n\t\t<div class=\"elementor-element elementor-element-f0bf36e e-con-full e-flex e-con e-child\" data-id=\"f0bf36e\" data-element_type=\"container\" data-e-type=\"container\">\n\t\t<div class=\"elementor-element elementor-element-0c0177f e-con-full e-flex e-con e-child\" data-id=\"0c0177f\" data-element_type=\"container\" data-e-type=\"container\">\n\t\t\t\t<div class=\"elementor-element elementor-element-956e26d elementor-widget__width-initial elementor-widget elementor-widget-image\" data-id=\"956e26d\" data-element_type=\"widget\" data-e-type=\"widget\" data-widget_type=\"image.default\">\n\t\t\t\t\t\t\t\t\t\t\t\t\t\t\t<img loading=\"lazy\" decoding=\"async\" width=\"1000\" height=\"1000\" src=\"https:\/\/equalityinfilm.org\/wp-content\/uploads\/2026\/04\/juliana-delgado.png\" class=\"attachment-large size-large wp-image-2529\" alt=\"\" srcset=\"https:\/\/equalityinfilm.org\/wp-content\/uploads\/2026\/04\/juliana-delgado.png 1000w, https:\/\/equalityinfilm.org\/wp-content\/uploads\/2026\/04\/juliana-delgado-300x300.png 300w, https:\/\/equalityinfilm.org\/wp-content\/uploads\/2026\/04\/juliana-delgado-150x150.png 150w, https:\/\/equalityinfilm.org\/wp-content\/uploads\/2026\/04\/juliana-delgado-768x768.png 768w\" sizes=\"(max-width: 1000px) 100vw, 1000px\" \/>\t\t\t\t\t\t\t\t\t\t\t\t\t\t\t<\/div>\n\t\t\t\t<div class=\"elementor-element elementor-element-88df2e9 elementor-widget elementor-widget-heading\" data-id=\"88df2e9\" data-element_type=\"widget\" data-e-type=\"widget\" data-widget_type=\"heading.default\">\n\t\t\t\t\t<h2 class=\"elementor-heading-title elementor-size-default\">Juliana Delgado<\/h2>\t\t\t\t<\/div>\n\t\t\t\t<div class=\"elementor-element elementor-element-85e5006 elementor-widget elementor-widget-text-editor\" data-id=\"85e5006\" data-element_type=\"widget\" data-e-type=\"widget\" data-widget_type=\"text-editor.default\">\n\t\t\t\t\t\t\t\t\t<p>Member of RecSisters \/ Lawyer and consultant in gender equality, sexual diversity, media and public policy <strong>(<b>Colombia<\/b>)<\/strong><\/p>\t\t\t\t\t\t\t\t<\/div>\n\t\t\t\t<\/div>\n\t\t\t\t<div class=\"elementor-element elementor-element-c90304d elementor-widget elementor-widget-n-accordion\" data-id=\"c90304d\" data-element_type=\"widget\" data-e-type=\"widget\" data-settings=\"{&quot;default_state&quot;:&quot;all_collapsed&quot;,&quot;max_items_expended&quot;:&quot;one&quot;,&quot;n_accordion_animation_duration&quot;:{&quot;unit&quot;:&quot;ms&quot;,&quot;size&quot;:400,&quot;sizes&quot;:[]}}\" data-widget_type=\"nested-accordion.default\">\n\t\t\t\t\t\t\t<div class=\"e-n-accordion\" aria-label=\"Accordion. Open links with Enter or Space, close with Escape, and navigate with Arrow Keys\">\n\t\t\t\t\t\t<details id=\"e-n-accordion-item-2100\" class=\"e-n-accordion-item\" >\n\t\t\t\t<summary class=\"e-n-accordion-item-title\" data-accordion-index=\"1\" tabindex=\"0\" aria-expanded=\"false\" aria-controls=\"e-n-accordion-item-2100\" >\n\t\t\t\t\t<span class='e-n-accordion-item-title-header'><div class=\"e-n-accordion-item-title-text\"> Show more <\/div><\/span>\n\t\t\t\t\t\t\t<span class='e-n-accordion-item-title-icon'>\n\t\t\t<span class='e-opened' ><i aria-hidden=\"true\" class=\"icon icon-up-arrow1\"><\/i><\/span>\n\t\t\t<span class='e-closed'><i aria-hidden=\"true\" class=\"icon icon-chevron-down\"><\/i><\/span>\n\t\t<\/span>\n\n\t\t\t\t\t\t<\/summary>\n\t\t\t\t<div role=\"region\" aria-labelledby=\"e-n-accordion-item-2100\" class=\"elementor-element elementor-element-905bc97 e-con-full e-flex e-con e-child\" data-id=\"905bc97\" data-element_type=\"container\" data-e-type=\"container\">\n\t\t\t\t<div class=\"elementor-element elementor-element-428f06a elementor-widget elementor-widget-text-editor\" data-id=\"428f06a\" data-element_type=\"widget\" data-e-type=\"widget\" data-widget_type=\"text-editor.default\">\n\t\t\t\t\t\t\t\t\t<p>Juliana Delgado Restrepo is a Colombian lawyer and consultant in gender equality, sexual diversity, media and public policy. She holds a master&#8217;s degree from UCLA focused on law, gender, sexuality and public policy in the media sphere. <\/p><p>She is a representative of RecSisters, a Colombian collective of women working in the audiovisual sector that seeks to improve, dignify and promote equity in workspaces, as well as contribute to building environments free from harassment, violence and discrimination.<\/p><p>RecSisters develops initiatives to prevent and address gender-based violence in the audiovisual industry, including complaint management mechanisms for survivors, workplace protocols on sexual harassment and discrimination, and best practice tools aimed at companies and unions.<\/p>\t\t\t\t\t\t\t\t<\/div>\n\t\t\t\t<\/div>\n\t\t\t\t\t<\/details>\n\t\t\t\t\t<\/div>\n\t\t\t\t\t\t<\/div>\n\t\t\t\t<\/div>\n\t\t\t\t<\/div>\n\t\t\t\t<div class=\"elementor-element elementor-element-0425682 elementor-widget elementor-widget-text-editor\" data-id=\"0425682\" data-element_type=\"widget\" data-e-type=\"widget\" data-widget_type=\"text-editor.default\">\n\t\t\t\t\t\t\t\t\t<p>&#8212;&#8212;&#8211; 10-minute break &#8212;&#8212;&#8212;-<\/p><p><b>6:40 PM \u2013 7:50 PM<\/b><b><br\/><\/b> <b>Closing masterclass with Cheryl Dunye<\/b><\/p><p><span style=\"font-weight: 400;\">Cheryl Dunye is an acclaimed director, screenwriter, producer, and founder of Jingletown Films. She first gained recognition as part of the \u201cQueer New Wave\u201d of young filmmakers in the early 1990s with her debut feature film, &#8216;The Watermelon Woman&#8217;, which won the Teddy Award for Best Film at the Berlin International Film Festival in 1996. <\/span><\/p><p><b>Following the masterclass, there will be a conversation moderated by Femi Otitoju<\/b>.<\/p>\t\t\t\t\t\t\t\t<\/div>\n\t\t<div class=\"elementor-element elementor-element-9f0e0ac e-con-full e-flex e-con e-child\" data-id=\"9f0e0ac\" data-element_type=\"container\" data-e-type=\"container\">\n\t\t<div class=\"elementor-element elementor-element-ae2c6e0 e-con-full e-flex e-con e-child\" data-id=\"ae2c6e0\" data-element_type=\"container\" data-e-type=\"container\">\n\t\t<div class=\"elementor-element elementor-element-b9086f5 e-con-full e-flex e-con e-child\" data-id=\"b9086f5\" data-element_type=\"container\" data-e-type=\"container\">\n\t\t\t\t<div class=\"elementor-element elementor-element-a999d41 elementor-widget__width-initial elementor-widget elementor-widget-image\" data-id=\"a999d41\" data-element_type=\"widget\" data-e-type=\"widget\" data-widget_type=\"image.default\">\n\t\t\t\t\t\t\t\t\t\t\t\t\t\t\t<img loading=\"lazy\" decoding=\"async\" width=\"750\" height=\"750\" src=\"https:\/\/equalityinfilm.org\/wp-content\/uploads\/2026\/04\/cheryl-dunye.jpg\" class=\"attachment-large size-large wp-image-2484\" alt=\"\" srcset=\"https:\/\/equalityinfilm.org\/wp-content\/uploads\/2026\/04\/cheryl-dunye.jpg 750w, https:\/\/equalityinfilm.org\/wp-content\/uploads\/2026\/04\/cheryl-dunye-300x300.jpg 300w, https:\/\/equalityinfilm.org\/wp-content\/uploads\/2026\/04\/cheryl-dunye-150x150.jpg 150w\" sizes=\"(max-width: 750px) 100vw, 750px\" \/>\t\t\t\t\t\t\t\t\t\t\t\t\t\t\t<\/div>\n\t\t\t\t<div class=\"elementor-element elementor-element-ff56816 elementor-widget elementor-widget-heading\" data-id=\"ff56816\" data-element_type=\"widget\" data-e-type=\"widget\" data-widget_type=\"heading.default\">\n\t\t\t\t\t<h2 class=\"elementor-heading-title elementor-size-default\">Cheryl Dunye<\/h2>\t\t\t\t<\/div>\n\t\t\t\t<div class=\"elementor-element elementor-element-495ba8a elementor-widget elementor-widget-text-editor\" data-id=\"495ba8a\" data-element_type=\"widget\" data-e-type=\"widget\" data-widget_type=\"text-editor.default\">\n\t\t\t\t\t\t\t\t\t<p>Filmmaker, director, writer and producer<\/p>\t\t\t\t\t\t\t\t<\/div>\n\t\t\t\t<\/div>\n\t\t\t\t<div class=\"elementor-element elementor-element-0166ea1 elementor-widget elementor-widget-n-accordion\" data-id=\"0166ea1\" data-element_type=\"widget\" data-e-type=\"widget\" data-settings=\"{&quot;default_state&quot;:&quot;all_collapsed&quot;,&quot;max_items_expended&quot;:&quot;one&quot;,&quot;n_accordion_animation_duration&quot;:{&quot;unit&quot;:&quot;ms&quot;,&quot;size&quot;:400,&quot;sizes&quot;:[]}}\" data-widget_type=\"nested-accordion.default\">\n\t\t\t\t\t\t\t<div class=\"e-n-accordion\" aria-label=\"Accordion. Open links with Enter or Space, close with Escape, and navigate with Arrow Keys\">\n\t\t\t\t\t\t<details id=\"e-n-accordion-item-1470\" class=\"e-n-accordion-item\" >\n\t\t\t\t<summary class=\"e-n-accordion-item-title\" data-accordion-index=\"1\" tabindex=\"0\" aria-expanded=\"false\" aria-controls=\"e-n-accordion-item-1470\" >\n\t\t\t\t\t<span class='e-n-accordion-item-title-header'><div class=\"e-n-accordion-item-title-text\"> Show more <\/div><\/span>\n\t\t\t\t\t\t\t<span class='e-n-accordion-item-title-icon'>\n\t\t\t<span class='e-opened' ><i aria-hidden=\"true\" class=\"icon icon-up-arrow1\"><\/i><\/span>\n\t\t\t<span class='e-closed'><i aria-hidden=\"true\" class=\"icon icon-chevron-down\"><\/i><\/span>\n\t\t<\/span>\n\n\t\t\t\t\t\t<\/summary>\n\t\t\t\t<div role=\"region\" aria-labelledby=\"e-n-accordion-item-1470\" class=\"elementor-element elementor-element-5f67962 e-con-full e-flex e-con e-child\" data-id=\"5f67962\" data-element_type=\"container\" data-e-type=\"container\">\n\t\t\t\t<div class=\"elementor-element elementor-element-4d1e90f elementor-widget elementor-widget-text-editor\" data-id=\"4d1e90f\" data-element_type=\"widget\" data-e-type=\"widget\" data-widget_type=\"text-editor.default\">\n\t\t\t\t\t\t\t\t\t<p>Cheryl Dunye is a Liberian-American filmmaker, director, screenwriter and producer based in Oakland, California, whose work explores Black queer identity, history and cultural memory. Her narratives are punctuated by deconstructive elements, such as characters addressing the camera and making ironic references to the production itself. These devices, along with her appearance in her films &#8220;as herself,&#8221; blur the boundaries between fiction and reality, a cinematic genre she defines as &#8220;Dunyementary.&#8221;  <\/p><p>Dunye emerged as part of the &#8220;queer new wave&#8221; of young filmmakers in the 1990s. She has made over 15 films, including MOMMY IS COMING, THE OWLS, MY BABY&#8217;S DADDY and HBO&#8217;s STRANGER INSIDE, for which she received an Independent Spirit Award nomination for Best Director. Her feature film, THE WATERMELON WOMAN (1996), won the Teddy Award for Best Film at the 1996 Berlin International Film Festival and was recently restored by Outfest&#8217;s UCLA Legacy Project for its 20th anniversary. In 2015, her multi-award-winning short film, BLACK IS BLUE (2014), was named by IndieWire as one of the five essential feminist films.   <\/p><p>Dunye has directed numerous series, including Ava DuVernay&#8217;s Queen Sugar, Dear White People, Bridgerton and Lovecraft Country, for which her episode &#8220;Strange Case&#8221; received a nomination at the 52nd NAACP Image Awards for Outstanding Directing in a Drama Series and was chosen as one of the best episodes of 2020 by The Hollywood Reporter and Entertainment Tonight. Most recently, Dunye directed episodes of YOU and THE HUNTING WIVES for Netflix. <\/p><p>In 2018, she founded her Oakland-based production company, JINGLETOWN FILMS, dedicated to developing projects that center underrepresented voices and stories. The company is currently developing THE GILDA STORIES, an adaptation of Jewelle Gomez&#8217;s acclaimed 1991 queer vampire novel, and the feature-length version of her award-winning short film BLACK IS BLUE. <\/p>\t\t\t\t\t\t\t\t<\/div>\n\t\t\t\t<\/div>\n\t\t\t\t\t<\/details>\n\t\t\t\t\t<\/div>\n\t\t\t\t\t\t<\/div>\n\t\t\t\t<\/div>\n\t\t<div class=\"elementor-element elementor-element-0262d63 e-con-full e-flex e-con e-child\" data-id=\"0262d63\" data-element_type=\"container\" data-e-type=\"container\">\n\t\t\t\t<div class=\"elementor-element elementor-element-ca59a6a elementor-widget__width-initial elementor-widget elementor-widget-image\" data-id=\"ca59a6a\" data-element_type=\"widget\" data-e-type=\"widget\" data-widget_type=\"image.default\">\n\t\t\t\t\t\t\t\t\t\t\t\t\t\t\t<img loading=\"lazy\" decoding=\"async\" width=\"1024\" height=\"1024\" src=\"https:\/\/equalityinfilm.org\/wp-content\/uploads\/2026\/04\/Femi-Head-to-Waist-September-2023-1024x1024.jpg\" class=\"attachment-large size-large wp-image-2475\" alt=\"\" srcset=\"https:\/\/equalityinfilm.org\/wp-content\/uploads\/2026\/04\/Femi-Head-to-Waist-September-2023-1024x1024.jpg 1024w, https:\/\/equalityinfilm.org\/wp-content\/uploads\/2026\/04\/Femi-Head-to-Waist-September-2023-300x300.jpg 300w, https:\/\/equalityinfilm.org\/wp-content\/uploads\/2026\/04\/Femi-Head-to-Waist-September-2023-150x150.jpg 150w, https:\/\/equalityinfilm.org\/wp-content\/uploads\/2026\/04\/Femi-Head-to-Waist-September-2023-768x768.jpg 768w, https:\/\/equalityinfilm.org\/wp-content\/uploads\/2026\/04\/Femi-Head-to-Waist-September-2023-1536x1536.jpg 1536w, https:\/\/equalityinfilm.org\/wp-content\/uploads\/2026\/04\/Femi-Head-to-Waist-September-2023-2048x2048.jpg 2048w\" sizes=\"(max-width: 1024px) 100vw, 1024px\" \/>\t\t\t\t\t\t\t\t\t\t\t\t\t\t\t<\/div>\n\t\t\t\t<div class=\"elementor-element elementor-element-db16ff8 elementor-widget elementor-widget-heading\" data-id=\"db16ff8\" data-element_type=\"widget\" data-e-type=\"widget\" data-widget_type=\"heading.default\">\n\t\t\t\t\t<h2 class=\"elementor-heading-title elementor-size-default\">Femi Otitoju (Moderator)<\/h2>\t\t\t\t<\/div>\n\t\t\t\t<div class=\"elementor-element elementor-element-45c0d01 elementor-widget elementor-widget-text-editor\" data-id=\"45c0d01\" data-element_type=\"widget\" data-e-type=\"widget\" data-widget_type=\"text-editor.default\">\n\t\t\t\t\t\t\t\t\t<p>Founder Challenge Training and Consulting <strong>(UK)<\/strong><\/p>\t\t\t\t\t\t\t\t<\/div>\n\t\t\t\t<div class=\"elementor-element elementor-element-316c4da elementor-widget elementor-widget-n-accordion\" data-id=\"316c4da\" data-element_type=\"widget\" data-e-type=\"widget\" data-settings=\"{&quot;default_state&quot;:&quot;all_collapsed&quot;,&quot;max_items_expended&quot;:&quot;one&quot;,&quot;n_accordion_animation_duration&quot;:{&quot;unit&quot;:&quot;ms&quot;,&quot;size&quot;:400,&quot;sizes&quot;:[]}}\" data-widget_type=\"nested-accordion.default\">\n\t\t\t\t\t\t\t<div class=\"e-n-accordion\" aria-label=\"Accordion. Open links with Enter or Space, close with Escape, and navigate with Arrow Keys\">\n\t\t\t\t\t\t<details id=\"e-n-accordion-item-5180\" class=\"e-n-accordion-item\" >\n\t\t\t\t<summary class=\"e-n-accordion-item-title\" data-accordion-index=\"1\" tabindex=\"0\" aria-expanded=\"false\" aria-controls=\"e-n-accordion-item-5180\" >\n\t\t\t\t\t<span class='e-n-accordion-item-title-header'><div class=\"e-n-accordion-item-title-text\"> Show more <\/div><\/span>\n\t\t\t\t\t\t\t<span class='e-n-accordion-item-title-icon'>\n\t\t\t<span class='e-opened' ><i aria-hidden=\"true\" class=\"icon icon-up-arrow1\"><\/i><\/span>\n\t\t\t<span class='e-closed'><i aria-hidden=\"true\" class=\"icon icon-chevron-down\"><\/i><\/span>\n\t\t<\/span>\n\n\t\t\t\t\t\t<\/summary>\n\t\t\t\t<div role=\"region\" aria-labelledby=\"e-n-accordion-item-5180\" class=\"elementor-element elementor-element-aa07c64 e-con-full e-flex e-con e-child\" data-id=\"aa07c64\" data-element_type=\"container\" data-e-type=\"container\">\n\t\t\t\t<div class=\"elementor-element elementor-element-cf68add elementor-widget elementor-widget-text-editor\" data-id=\"cf68add\" data-element_type=\"widget\" data-e-type=\"widget\" data-widget_type=\"text-editor.default\">\n\t\t\t\t\t\t\t\t\t<p data-start=\"83\" data-end=\"565\">Femi Otitoju is a trailblazer, a truth-teller, and one of those rare people who can challenge an entire room while making them laugh with her at the same time. Born in Nigeria and raised in the UK, she came out as a lesbian in the late 1970s and went on to become one of the first openly Black lesbian voices on British television, long before &#8220;representation&#8221; became a buzzword. Her journey began in activism: she co-founded the UK&#8217;s first Black lesbian group, volunteered for over a decade at the London Lesbian and Gay Switchboard, and threw herself into the feminist and LGBTQ+ movements of the 1980s with her characteristic energy and style. In 1988 she founded Challenge Consultancy and has since spent over three decades working at the highest levels of the media and creative industries to drive real change.   <\/p>\t\t\t\t\t\t\t\t<\/div>\n\t\t\t\t<\/div>\n\t\t\t\t\t<\/details>\n\t\t\t\t\t<\/div>\n\t\t\t\t\t\t<\/div>\n\t\t\t\t<\/div>\n\t\t<div class=\"elementor-element elementor-element-24f6f2e e-con-full e-flex e-con e-child\" data-id=\"24f6f2e\" data-element_type=\"container\" data-e-type=\"container\">\n\t\t\t\t<\/div>\n\t\t\t\t<\/div>\n\t\t\t\t<\/div>\n\t\t\t\t\t<\/div>\n\t\t\t\t<\/div>\n\t\t<div class=\"elementor-element elementor-element-57ee9eb e-con-full e-flex e-con e-parent\" data-id=\"57ee9eb\" data-element_type=\"container\" data-e-type=\"container\" data-settings=\"{&quot;background_background&quot;:&quot;classic&quot;}\">\n\t\t<div class=\"elementor-element elementor-element-a2ea93e e-flex e-con-boxed e-con e-child\" data-id=\"a2ea93e\" data-element_type=\"container\" data-e-type=\"container\">\n\t\t\t\t\t<div class=\"e-con-inner\">\n\t\t\t\t<div class=\"elementor-element elementor-element-3cb8796 elementor-widget elementor-widget-heading\" data-id=\"3cb8796\" data-element_type=\"widget\" data-e-type=\"widget\" data-widget_type=\"heading.default\">\n\t\t\t\t\t<h4 class=\"elementor-heading-title elementor-size-default\">Participants<\/h4>\t\t\t\t<\/div>\n\t\t\t\t<div class=\"elementor-element elementor-element-704d5b1 elementor-widget elementor-widget-text-editor\" data-id=\"704d5b1\" data-element_type=\"widget\" data-e-type=\"widget\" data-widget_type=\"text-editor.default\">\n\t\t\t\t\t\t\t\t\t<p>The Network is made up of non-profit organizations that work to build an egalitarian, diverse, and safe film and audiovisual industry for women and gender dissidents, anywhere in the world.<\/p>\t\t\t\t\t\t\t\t<\/div>\n\t\t\t\t<div class=\"elementor-element elementor-element-6c0c163 elementor-widget elementor-widget-image-carousel\" data-id=\"6c0c163\" data-element_type=\"widget\" data-e-type=\"widget\" data-settings=\"{&quot;slides_to_show&quot;:&quot;6&quot;,&quot;slides_to_scroll&quot;:&quot;1&quot;,&quot;navigation&quot;:&quot;none&quot;,&quot;autoplay_speed&quot;:0,&quot;speed&quot;:5000,&quot;image_spacing_custom&quot;:{&quot;unit&quot;:&quot;px&quot;,&quot;size&quot;:35,&quot;sizes&quot;:[]},&quot;slides_to_show_tablet&quot;:&quot;6&quot;,&quot;slides_to_show_mobile&quot;:&quot;3&quot;,&quot;autoplay&quot;:&quot;yes&quot;,&quot;infinite&quot;:&quot;yes&quot;,&quot;image_spacing_custom_tablet&quot;:{&quot;unit&quot;:&quot;px&quot;,&quot;size&quot;:&quot;&quot;,&quot;sizes&quot;:[]},&quot;image_spacing_custom_mobile&quot;:{&quot;unit&quot;:&quot;px&quot;,&quot;size&quot;:&quot;&quot;,&quot;sizes&quot;:[]}}\" data-widget_type=\"image-carousel.default\">\n\t\t\t\t\t\t\t<div class=\"elementor-image-carousel-wrapper swiper\" role=\"region\" aria-roledescription=\"carousel\" aria-label=\"Carrusel de im\u00e1genes\" dir=\"ltr\">\n\t\t\t<div class=\"elementor-image-carousel swiper-wrapper\" aria-live=\"off\">\n\t\t\t\t\t\t\t\t<div class=\"swiper-slide\" role=\"group\" aria-roledescription=\"slide\" aria-label=\"1 of 15\"><figure class=\"swiper-slide-inner\"><img decoding=\"async\" class=\"swiper-slide-image\" src=\"https:\/\/equalityinfilm.org\/wp-content\/uploads\/2025\/11\/cima-300x300.png\" alt=\"cima\" \/><\/figure><\/div><div class=\"swiper-slide\" role=\"group\" aria-roledescription=\"slide\" aria-label=\"2 of 15\"><figure class=\"swiper-slide-inner\"><img decoding=\"async\" class=\"swiper-slide-image\" src=\"https:\/\/equalityinfilm.org\/wp-content\/uploads\/2025\/11\/ewa-300x300.png\" alt=\"ewa\" \/><\/figure><\/div><div class=\"swiper-slide\" role=\"group\" aria-roledescription=\"slide\" aria-label=\"3 of 15\"><figure class=\"swiper-slide-inner\"><img decoding=\"async\" class=\"swiper-slide-image\" src=\"https:\/\/equalityinfilm.org\/wp-content\/uploads\/2025\/11\/geena-davis-institute-vertical-bg-cobalt-rgb-3in-w-300ppi-300x300.png\" alt=\"geena-davis-institute-vertical-bg-cobalt-rgb-3in-w-300ppi\" \/><\/figure><\/div><div class=\"swiper-slide\" role=\"group\" aria-roledescription=\"slide\" aria-label=\"4 of 15\"><figure class=\"swiper-slide-inner\"><img decoding=\"async\" class=\"swiper-slide-image\" src=\"https:\/\/equalityinfilm.org\/wp-content\/uploads\/2025\/11\/film-fatales-300x300.png\" alt=\"film fatales\" \/><\/figure><\/div><div class=\"swiper-slide\" role=\"group\" aria-roledescription=\"slide\" aria-label=\"5 of 15\"><figure class=\"swiper-slide-inner\"><img decoding=\"async\" class=\"swiper-slide-image\" src=\"https:\/\/equalityinfilm.org\/wp-content\/uploads\/2025\/11\/EFDFviolet.png\" alt=\"EFDFviolet\" \/><\/figure><\/div><div class=\"swiper-slide\" role=\"group\" aria-roledescription=\"slide\" aria-label=\"6 of 15\"><figure class=\"swiper-slide-inner\"><img decoding=\"async\" class=\"swiper-slide-image\" src=\"https:\/\/equalityinfilm.org\/wp-content\/uploads\/2025\/11\/kadin-300x300.png\" alt=\"kadin\" \/><\/figure><\/div><div class=\"swiper-slide\" role=\"group\" aria-roledescription=\"slide\" aria-label=\"7 of 15\"><figure class=\"swiper-slide-inner\"><img decoding=\"async\" class=\"swiper-slide-image\" src=\"https:\/\/equalityinfilm.org\/wp-content\/uploads\/2025\/11\/le-collectif-300x300.png\" alt=\"le collectif\" \/><\/figure><\/div><div class=\"swiper-slide\" role=\"group\" aria-roledescription=\"slide\" aria-label=\"8 of 15\"><figure class=\"swiper-slide-inner\"><img decoding=\"async\" class=\"swiper-slide-image\" src=\"https:\/\/equalityinfilm.org\/wp-content\/uploads\/2025\/11\/le-lab-300x300.png\" alt=\"le lab\" \/><\/figure><\/div><div class=\"swiper-slide\" role=\"group\" aria-roledescription=\"slide\" aria-label=\"9 of 15\"><figure class=\"swiper-slide-inner\"><img decoding=\"async\" class=\"swiper-slide-image\" src=\"https:\/\/equalityinfilm.org\/wp-content\/uploads\/2025\/11\/elles-tournent-300x300.png\" alt=\"elles tournent\" \/><\/figure><\/div><div class=\"swiper-slide\" role=\"group\" aria-roledescription=\"slide\" aria-label=\"10 of 15\"><figure class=\"swiper-slide-inner\"><img decoding=\"async\" class=\"swiper-slide-image\" src=\"https:\/\/equalityinfilm.org\/wp-content\/uploads\/2025\/11\/Icapa-300x300.png\" alt=\"Icapa\" \/><\/figure><\/div><div class=\"swiper-slide\" role=\"group\" aria-roledescription=\"slide\" aria-label=\"11 of 15\"><figure class=\"swiper-slide-inner\"><img decoding=\"async\" class=\"swiper-slide-image\" src=\"https:\/\/equalityinfilm.org\/wp-content\/uploads\/2025\/11\/reclaim-300x300.png\" alt=\"reclaim\" \/><\/figure><\/div><div class=\"swiper-slide\" role=\"group\" aria-roledescription=\"slide\" aria-label=\"12 of 15\"><figure class=\"swiper-slide-inner\"><img decoding=\"async\" class=\"swiper-slide-image\" src=\"https:\/\/equalityinfilm.org\/wp-content\/uploads\/2026\/04\/UK2_UK-300x211.jpg\" alt=\"UK[2]_UK\" \/><\/figure><\/div><div class=\"swiper-slide\" role=\"group\" aria-roledescription=\"slide\" aria-label=\"13 of 15\"><figure class=\"swiper-slide-inner\"><img decoding=\"async\" class=\"swiper-slide-image\" src=\"https:\/\/equalityinfilm.org\/wp-content\/uploads\/2025\/11\/power-300x300.png\" alt=\"power\" \/><\/figure><\/div><div class=\"swiper-slide\" role=\"group\" aria-roledescription=\"slide\" aria-label=\"14 of 15\"><figure class=\"swiper-slide-inner\"><img decoding=\"async\" class=\"swiper-slide-image\" src=\"https:\/\/equalityinfilm.org\/wp-content\/uploads\/2025\/11\/images-1.png\" alt=\"images (1)\" \/><\/figure><\/div><div class=\"swiper-slide\" role=\"group\" aria-roledescription=\"slide\" aria-label=\"15 of 15\"><figure class=\"swiper-slide-inner\"><img decoding=\"async\" class=\"swiper-slide-image\" src=\"https:\/\/equalityinfilm.org\/wp-content\/uploads\/2025\/12\/MUTIM_logo_02-300x285.png\" alt=\"MUTIM_logo_02\" \/><\/figure><\/div>\t\t\t<\/div>\n\t\t\t\t\t\t\t\n\t\t\t\t\t\t\t\t\t<\/div>\n\t\t\t\t\t\t<\/div>\n\t\t\t\t<div class=\"elementor-element elementor-element-e08ca9f elementor-widget elementor-widget-button\" data-id=\"e08ca9f\" data-element_type=\"widget\" data-e-type=\"widget\" data-widget_type=\"button.default\">\n\t\t\t\t\t\t\t\t\t\t<a class=\"elementor-button elementor-button-link elementor-size-sm elementor-animation-grow\" href=\"https:\/\/equalityinfilm.org\/en\/about-the-network\/\">\n\t\t\t\t\t\t<span class=\"elementor-button-content-wrapper\">\n\t\t\t\t\t\t\t\t\t<span class=\"elementor-button-text\">see more<\/span>\n\t\t\t\t\t<\/span>\n\t\t\t\t\t<\/a>\n\t\t\t\t\t\t\t\t<\/div>\n\t\t\t\t\t<\/div>\n\t\t\t\t<\/div>\n\t\t\t\t<\/div>\n\t\t<div class=\"elementor-element elementor-element-b637911 e-con-full elementor-hidden-desktop elementor-hidden-tablet elementor-hidden-mobile e-flex e-con e-parent\" data-id=\"b637911\" data-element_type=\"container\" data-e-type=\"container\">\n\t\t\t\t<div class=\"elementor-element elementor-element-1be08a7 elementor-align-right elementor-fixed e-transform elementor-widget elementor-widget-button\" data-id=\"1be08a7\" data-element_type=\"widget\" data-e-type=\"widget\" data-settings=\"{&quot;_position&quot;:&quot;fixed&quot;,&quot;motion_fx_motion_fx_scrolling&quot;:&quot;yes&quot;,&quot;motion_fx_opacity_effect&quot;:&quot;yes&quot;,&quot;motion_fx_opacity_range&quot;:{&quot;unit&quot;:&quot;%&quot;,&quot;size&quot;:&quot;&quot;,&quot;sizes&quot;:{&quot;start&quot;:0,&quot;end&quot;:5}},&quot;_transform_rotateZ_effect&quot;:{&quot;unit&quot;:&quot;px&quot;,&quot;size&quot;:-90,&quot;sizes&quot;:[]},&quot;_transform_rotateZ_effect_mobile&quot;:{&quot;unit&quot;:&quot;deg&quot;,&quot;size&quot;:0,&quot;sizes&quot;:[]},&quot;motion_fx_opacity_direction&quot;:&quot;out-in&quot;,&quot;motion_fx_opacity_level&quot;:{&quot;unit&quot;:&quot;px&quot;,&quot;size&quot;:10,&quot;sizes&quot;:[]},&quot;motion_fx_devices&quot;:[&quot;desktop&quot;,&quot;tablet&quot;,&quot;mobile&quot;],&quot;_transform_rotateZ_effect_tablet&quot;:{&quot;unit&quot;:&quot;deg&quot;,&quot;size&quot;:&quot;&quot;,&quot;sizes&quot;:[]}}\" data-widget_type=\"button.default\">\n\t\t\t\t\t\t\t\t\t\t<a class=\"elementor-button elementor-button-link elementor-size-sm\" href=\"#\">\n\t\t\t\t\t\t<span class=\"elementor-button-content-wrapper\">\n\t\t\t\t\t\t<span class=\"elementor-button-icon\">\n\t\t\t\t<svg aria-hidden=\"true\" class=\"e-font-icon-svg e-far-newspaper\" viewBox=\"0 0 576 512\" xmlns=\"http:\/\/www.w3.org\/2000\/svg\"><path d=\"M552 64H112c-20.858 0-38.643 13.377-45.248 32H24c-13.255 0-24 10.745-24 24v272c0 30.928 25.072 56 56 56h496c13.255 0 24-10.745 24-24V88c0-13.255-10.745-24-24-24zM48 392V144h16v248c0 4.411-3.589 8-8 8s-8-3.589-8-8zm480 8H111.422c.374-2.614.578-5.283.578-8V112h416v288zM172 280h136c6.627 0 12-5.373 12-12v-96c0-6.627-5.373-12-12-12H172c-6.627 0-12 5.373-12 12v96c0 6.627 5.373 12 12 12zm28-80h80v40h-80v-40zm-40 140v-24c0-6.627 5.373-12 12-12h136c6.627 0 12 5.373 12 12v24c0 6.627-5.373 12-12 12H172c-6.627 0-12-5.373-12-12zm192 0v-24c0-6.627 5.373-12 12-12h104c6.627 0 12 5.373 12 12v24c0 6.627-5.373 12-12 12H364c-6.627 0-12-5.373-12-12zm0-144v-24c0-6.627 5.373-12 12-12h104c6.627 0 12 5.373 12 12v24c0 6.627-5.373 12-12 12H364c-6.627 0-12-5.373-12-12zm0 72v-24c0-6.627 5.373-12 12-12h104c6.627 0 12 5.373 12 12v24c0 6.627-5.373 12-12 12H364c-6.627 0-12-5.373-12-12z\"><\/path><\/svg>\t\t\t<\/span>\n\t\t\t\t\t\t\t\t\t<span class=\"elementor-button-text\">Subscribe<\/span>\n\t\t\t\t\t<\/span>\n\t\t\t\t\t<\/a>\n\t\t\t\t\t\t\t\t<\/div>\n\t\t\t\t<\/div>\n\t\t\t\t<\/div>\n\t\t","protected":false},"excerpt":{"rendered":"<p>We Are The Plot Twist ONLINE SUMMIT \/\/\/ 6-7 MAY \/\/\/ Register Organised by the Global Network for Gender Equality [&hellip;]<\/p>\n","protected":false},"author":1,"featured_media":1175,"parent":0,"menu_order":0,"comment_status":"closed","ping_status":"closed","template":"elementor_header_footer","meta":{"_acf_changed":false,"site-sidebar-layout":"no-sidebar","site-content-layout":"","ast-site-content-layout":"full-width-container","site-content-style":"default","site-sidebar-style":"default","ast-global-header-display":"","ast-banner-title-visibility":"","ast-main-header-display":"","ast-hfb-above-header-display":"","ast-hfb-below-header-display":"","ast-hfb-mobile-header-display":"","site-post-title":"disabled","ast-breadcrumbs-content":"","ast-featured-img":"disabled","footer-sml-layout":"","ast-disable-related-posts":"","theme-transparent-header-meta":"","adv-header-id-meta":"","stick-header-meta":"","header-above-stick-meta":"","header-main-stick-meta":"","header-below-stick-meta":"","astra-migrate-meta-layouts":"default","ast-page-background-enabled":"default","ast-page-background-meta":{"desktop":{"background-color":"var(--ast-global-color-5)","background-image":"","background-repeat":"repeat","background-position":"center center","background-size":"auto","background-attachment":"scroll","background-type":"","background-media":"","overlay-type":"","overlay-color":"","overlay-opacity":"","overlay-gradient":""},"tablet":{"background-color":"","background-image":"","background-repeat":"repeat","background-position":"center center","background-size":"auto","background-attachment":"scroll","background-type":"","background-media":"","overlay-type":"","overlay-color":"","overlay-opacity":"","overlay-gradient":""},"mobile":{"background-color":"","background-image":"","background-repeat":"repeat","background-position":"center center","background-size":"auto","background-attachment":"scroll","background-type":"","background-media":"","overlay-type":"","overlay-color":"","overlay-opacity":"","overlay-gradient":""}},"ast-content-background-meta":{"desktop":{"background-color":"var(--ast-global-color-4)","background-image":"","background-repeat":"repeat","background-position":"center center","background-size":"auto","background-attachment":"scroll","background-type":"","background-media":"","overlay-type":"","overlay-color":"","overlay-opacity":"","overlay-gradient":""},"tablet":{"background-color":"var(--ast-global-color-4)","background-image":"","background-repeat":"repeat","background-position":"center center","background-size":"auto","background-attachment":"scroll","background-type":"","background-media":"","overlay-type":"","overlay-color":"","overlay-opacity":"","overlay-gradient":""},"mobile":{"background-color":"var(--ast-global-color-4)","background-image":"","background-repeat":"repeat","background-position":"center center","background-size":"auto","background-attachment":"scroll","background-type":"","background-media":"","overlay-type":"","overlay-color":"","overlay-opacity":"","overlay-gradient":""}},"footnotes":""},"class_list":["post-2185","page","type-page","status-publish","has-post-thumbnail","hentry"],"acf":[],"yoast_head":"<!-- This site is optimized with the Yoast SEO plugin v28.1 - https:\/\/yoast.com\/product\/yoast-seo-wordpress\/ -->\n<title>Equality In Film - Global Network<\/title>\n<meta name=\"description\" content=\"International forum of non-profit organizations working for a more egalitarian and diverse audiovisual industry.\" \/>\n<meta name=\"robots\" content=\"index, follow, max-snippet:-1, max-image-preview:large, max-video-preview:-1\" \/>\n<link rel=\"canonical\" href=\"https:\/\/equalityinfilm.org\/en\/online-summit-2026\/\" \/>\n<meta property=\"og:locale\" content=\"en_US\" \/>\n<meta property=\"og:type\" content=\"article\" \/>\n<meta property=\"og:title\" content=\"Equality In Film - Global Network\" \/>\n<meta property=\"og:description\" content=\"International forum of non-profit organizations working for a more egalitarian and diverse audiovisual industry.\" \/>\n<meta property=\"og:url\" content=\"https:\/\/equalityinfilm.org\/en\/online-summit-2026\/\" \/>\n<meta property=\"og:site_name\" content=\"Equality In Film\" \/>\n<meta property=\"article:modified_time\" content=\"2026-05-29T09:33:48+00:00\" \/>\n<meta property=\"og:image\" content=\"https:\/\/equalityinfilm.org\/wp-content\/uploads\/2025\/11\/Red-Global-CIMA_front-03-scaled.jpg\" \/>\n\t<meta property=\"og:image:width\" content=\"2560\" \/>\n\t<meta property=\"og:image:height\" content=\"1440\" \/>\n\t<meta property=\"og:image:type\" content=\"image\/jpeg\" \/>\n<meta name=\"twitter:card\" content=\"summary_large_image\" \/>\n<meta name=\"twitter:label1\" content=\"Est. reading time\" \/>\n\t<meta name=\"twitter:data1\" content=\"32 minutes\" \/>\n<script type=\"application\/ld+json\" class=\"yoast-schema-graph\">{\"@context\":\"https:\\\/\\\/schema.org\",\"@graph\":[{\"@type\":\"WebPage\",\"@id\":\"https:\\\/\\\/equalityinfilm.org\\\/en\\\/online-summit-2026\\\/\",\"url\":\"https:\\\/\\\/equalityinfilm.org\\\/en\\\/online-summit-2026\\\/\",\"name\":\"Equality In Film - Global Network\",\"isPartOf\":{\"@id\":\"https:\\\/\\\/equalityinfilm.org\\\/en\\\/#website\"},\"primaryImageOfPage\":{\"@id\":\"https:\\\/\\\/equalityinfilm.org\\\/en\\\/online-summit-2026\\\/#primaryimage\"},\"image\":{\"@id\":\"https:\\\/\\\/equalityinfilm.org\\\/en\\\/online-summit-2026\\\/#primaryimage\"},\"thumbnailUrl\":\"https:\\\/\\\/equalityinfilm.org\\\/wp-content\\\/uploads\\\/2025\\\/11\\\/Red-Global-CIMA_front-03-scaled.jpg\",\"datePublished\":\"2026-04-21T10:54:43+00:00\",\"dateModified\":\"2026-05-29T09:33:48+00:00\",\"description\":\"International forum of non-profit organizations working for a more egalitarian and diverse audiovisual industry.\",\"breadcrumb\":{\"@id\":\"https:\\\/\\\/equalityinfilm.org\\\/en\\\/online-summit-2026\\\/#breadcrumb\"},\"inLanguage\":\"en-US\",\"potentialAction\":[{\"@type\":\"ReadAction\",\"target\":[\"https:\\\/\\\/equalityinfilm.org\\\/en\\\/online-summit-2026\\\/\"]}]},{\"@type\":\"ImageObject\",\"inLanguage\":\"en-US\",\"@id\":\"https:\\\/\\\/equalityinfilm.org\\\/en\\\/online-summit-2026\\\/#primaryimage\",\"url\":\"https:\\\/\\\/equalityinfilm.org\\\/wp-content\\\/uploads\\\/2025\\\/11\\\/Red-Global-CIMA_front-03-scaled.jpg\",\"contentUrl\":\"https:\\\/\\\/equalityinfilm.org\\\/wp-content\\\/uploads\\\/2025\\\/11\\\/Red-Global-CIMA_front-03-scaled.jpg\",\"width\":2560,\"height\":1440},{\"@type\":\"BreadcrumbList\",\"@id\":\"https:\\\/\\\/equalityinfilm.org\\\/en\\\/online-summit-2026\\\/#breadcrumb\",\"itemListElement\":[{\"@type\":\"ListItem\",\"position\":1,\"name\":\"Portada\",\"item\":\"https:\\\/\\\/equalityinfilm.org\\\/en\\\/home\\\/\"},{\"@type\":\"ListItem\",\"position\":2,\"name\":\"Online Summit 2026\"}]},{\"@type\":\"WebSite\",\"@id\":\"https:\\\/\\\/equalityinfilm.org\\\/en\\\/#website\",\"url\":\"https:\\\/\\\/equalityinfilm.org\\\/en\\\/\",\"name\":\"Equality In Film\",\"description\":\"Foro internacional de organizaciones sin \u00e1nimo de lucro que trabajan por una industria audiovisual m\u00e1s igualitaria y diversa\",\"publisher\":{\"@id\":\"https:\\\/\\\/equalityinfilm.org\\\/en\\\/#organization\"},\"potentialAction\":[{\"@type\":\"SearchAction\",\"target\":{\"@type\":\"EntryPoint\",\"urlTemplate\":\"https:\\\/\\\/equalityinfilm.org\\\/en\\\/?s={search_term_string}\"},\"query-input\":{\"@type\":\"PropertyValueSpecification\",\"valueRequired\":true,\"valueName\":\"search_term_string\"}}],\"inLanguage\":\"en-US\"},{\"@type\":\"Organization\",\"@id\":\"https:\\\/\\\/equalityinfilm.org\\\/en\\\/#organization\",\"name\":\"Equality In Film\",\"url\":\"https:\\\/\\\/equalityinfilm.org\\\/en\\\/\",\"logo\":{\"@type\":\"ImageObject\",\"inLanguage\":\"en-US\",\"@id\":\"https:\\\/\\\/equalityinfilm.org\\\/en\\\/#\\\/schema\\\/logo\\\/image\\\/\",\"url\":\"https:\\\/\\\/equalityinfilm.org\\\/wp-content\\\/uploads\\\/2025\\\/11\\\/eq@300x-8-scaled.png\",\"contentUrl\":\"https:\\\/\\\/equalityinfilm.org\\\/wp-content\\\/uploads\\\/2025\\\/11\\\/eq@300x-8-scaled.png\",\"width\":2560,\"height\":329,\"caption\":\"Equality In Film\"},\"image\":{\"@id\":\"https:\\\/\\\/equalityinfilm.org\\\/en\\\/#\\\/schema\\\/logo\\\/image\\\/\"}}]}<\/script>\n<!-- \/ Yoast SEO plugin. -->","yoast_head_json":{"title":"Equality In Film - Global Network","description":"International forum of non-profit organizations working for a more egalitarian and diverse audiovisual industry.","robots":{"index":"index","follow":"follow","max-snippet":"max-snippet:-1","max-image-preview":"max-image-preview:large","max-video-preview":"max-video-preview:-1"},"canonical":"https:\/\/equalityinfilm.org\/en\/online-summit-2026\/","og_locale":"en_US","og_type":"article","og_title":"Equality In Film - Global Network","og_description":"International forum of non-profit organizations working for a more egalitarian and diverse audiovisual industry.","og_url":"https:\/\/equalityinfilm.org\/en\/online-summit-2026\/","og_site_name":"Equality In Film","article_modified_time":"2026-05-29T09:33:48+00:00","og_image":[{"width":2560,"height":1440,"url":"https:\/\/equalityinfilm.org\/wp-content\/uploads\/2025\/11\/Red-Global-CIMA_front-03-scaled.jpg","type":"image\/jpeg"}],"twitter_card":"summary_large_image","twitter_misc":{"Est. reading time":"32 minutes"},"schema":{"@context":"https:\/\/schema.org","@graph":[{"@type":"WebPage","@id":"https:\/\/equalityinfilm.org\/en\/online-summit-2026\/","url":"https:\/\/equalityinfilm.org\/en\/online-summit-2026\/","name":"Equality In Film - Global Network","isPartOf":{"@id":"https:\/\/equalityinfilm.org\/en\/#website"},"primaryImageOfPage":{"@id":"https:\/\/equalityinfilm.org\/en\/online-summit-2026\/#primaryimage"},"image":{"@id":"https:\/\/equalityinfilm.org\/en\/online-summit-2026\/#primaryimage"},"thumbnailUrl":"https:\/\/equalityinfilm.org\/wp-content\/uploads\/2025\/11\/Red-Global-CIMA_front-03-scaled.jpg","datePublished":"2026-04-21T10:54:43+00:00","dateModified":"2026-05-29T09:33:48+00:00","description":"International forum of non-profit organizations working for a more egalitarian and diverse audiovisual industry.","breadcrumb":{"@id":"https:\/\/equalityinfilm.org\/en\/online-summit-2026\/#breadcrumb"},"inLanguage":"en-US","potentialAction":[{"@type":"ReadAction","target":["https:\/\/equalityinfilm.org\/en\/online-summit-2026\/"]}]},{"@type":"ImageObject","inLanguage":"en-US","@id":"https:\/\/equalityinfilm.org\/en\/online-summit-2026\/#primaryimage","url":"https:\/\/equalityinfilm.org\/wp-content\/uploads\/2025\/11\/Red-Global-CIMA_front-03-scaled.jpg","contentUrl":"https:\/\/equalityinfilm.org\/wp-content\/uploads\/2025\/11\/Red-Global-CIMA_front-03-scaled.jpg","width":2560,"height":1440},{"@type":"BreadcrumbList","@id":"https:\/\/equalityinfilm.org\/en\/online-summit-2026\/#breadcrumb","itemListElement":[{"@type":"ListItem","position":1,"name":"Portada","item":"https:\/\/equalityinfilm.org\/en\/home\/"},{"@type":"ListItem","position":2,"name":"Online Summit 2026"}]},{"@type":"WebSite","@id":"https:\/\/equalityinfilm.org\/en\/#website","url":"https:\/\/equalityinfilm.org\/en\/","name":"Equality In Film","description":"Foro internacional de organizaciones sin \u00e1nimo de lucro que trabajan por una industria audiovisual m\u00e1s igualitaria y diversa","publisher":{"@id":"https:\/\/equalityinfilm.org\/en\/#organization"},"potentialAction":[{"@type":"SearchAction","target":{"@type":"EntryPoint","urlTemplate":"https:\/\/equalityinfilm.org\/en\/?s={search_term_string}"},"query-input":{"@type":"PropertyValueSpecification","valueRequired":true,"valueName":"search_term_string"}}],"inLanguage":"en-US"},{"@type":"Organization","@id":"https:\/\/equalityinfilm.org\/en\/#organization","name":"Equality In Film","url":"https:\/\/equalityinfilm.org\/en\/","logo":{"@type":"ImageObject","inLanguage":"en-US","@id":"https:\/\/equalityinfilm.org\/en\/#\/schema\/logo\/image\/","url":"https:\/\/equalityinfilm.org\/wp-content\/uploads\/2025\/11\/eq@300x-8-scaled.png","contentUrl":"https:\/\/equalityinfilm.org\/wp-content\/uploads\/2025\/11\/eq@300x-8-scaled.png","width":2560,"height":329,"caption":"Equality In Film"},"image":{"@id":"https:\/\/equalityinfilm.org\/en\/#\/schema\/logo\/image\/"}}]}},"_links":{"self":[{"href":"https:\/\/equalityinfilm.org\/en\/wp-json\/wp\/v2\/pages\/2185","targetHints":{"allow":["GET"]}}],"collection":[{"href":"https:\/\/equalityinfilm.org\/en\/wp-json\/wp\/v2\/pages"}],"about":[{"href":"https:\/\/equalityinfilm.org\/en\/wp-json\/wp\/v2\/types\/page"}],"author":[{"embeddable":true,"href":"https:\/\/equalityinfilm.org\/en\/wp-json\/wp\/v2\/users\/1"}],"replies":[{"embeddable":true,"href":"https:\/\/equalityinfilm.org\/en\/wp-json\/wp\/v2\/comments?post=2185"}],"version-history":[{"count":43,"href":"https:\/\/equalityinfilm.org\/en\/wp-json\/wp\/v2\/pages\/2185\/revisions"}],"predecessor-version":[{"id":2727,"href":"https:\/\/equalityinfilm.org\/en\/wp-json\/wp\/v2\/pages\/2185\/revisions\/2727"}],"wp:featuredmedia":[{"embeddable":true,"href":"https:\/\/equalityinfilm.org\/en\/wp-json\/wp\/v2\/media\/1175"}],"wp:attachment":[{"href":"https:\/\/equalityinfilm.org\/en\/wp-json\/wp\/v2\/media?parent=2185"}],"curies":[{"name":"wp","href":"https:\/\/api.w.org\/{rel}","templated":true}]}}